{"id":2068,"date":"2020-01-21T11:27:50","date_gmt":"2020-01-21T10:27:50","guid":{"rendered":"https:\/\/natureetresidencevillage.com\/?page_id=2068"},"modified":"2023-12-22T16:03:43","modified_gmt":"2023-12-22T15:03:43","slug":"nos-references","status":"publish","type":"page","link":"https:\/\/natureetresidencevillage.com\/en\/nos-references\/","title":{"rendered":"Nos r\u00e9f\u00e9rences, des propri\u00e9taires satisfaits"},"content":{"rendered":"\t\t<div data-elementor-type=\"wp-page\" data-elementor-id=\"2068\" class=\"elementor elementor-2068\" data-elementor-post-type=\"page\">\n\t\t\t\t\t\t<section class=\"elementor-section elementor-top-section elementor-element elementor-element-58ee7e1 elementor-section-full_width elementor-section-height-default elementor-section-height-default\" data-id=\"58ee7e1\" data-element_type=\"section\" data-e-type=\"section\" data-settings=\"{&quot;background_background&quot;:&quot;classic&quot;}\">\n\t\t\t\t\t\t<div class=\"elementor-container elementor-column-gap-default\">\n\t\t\t\t\t<div class=\"elementor-column elementor-col-100 elementor-top-column elementor-element elementor-element-9436552\" data-id=\"9436552\" data-element_type=\"column\" data-e-type=\"column\">\n\t\t\t<div class=\"elementor-widget-wrap elementor-element-populated\">\n\t\t\t\t\t\t<div class=\"elementor-element elementor-element-251f77d elementor-align-center elementor-widget elementor-widget-breadcrumbs\" data-id=\"251f77d\" data-element_type=\"widget\" data-e-type=\"widget\" data-widget_type=\"breadcrumbs.default\">\n\t\t\t\t<div class=\"elementor-widget-container\">\n\t\t\t\t\t<p id=\"breadcrumbs\"><span><span><a href=\"https:\/\/natureetresidencevillage.com\/\">Nature et R\u00e9sidence Village<\/a><\/span><\/span><\/p>\t\t\t\t<\/div>\n\t\t\t\t<\/div>\n\t\t\t\t\t<\/div>\n\t\t<\/div>\n\t\t\t\t\t<\/div>\n\t\t<\/section>\n\t\t\t\t<section class=\"elementor-section elementor-top-section elementor-element elementor-element-9420280 elementor-section-boxed elementor-section-height-default elementor-section-height-default\" data-id=\"9420280\" data-element_type=\"section\" data-e-type=\"section\" data-settings=\"{&quot;background_background&quot;:&quot;classic&quot;}\">\n\t\t\t\t\t\t<div class=\"elementor-container elementor-column-gap-default\">\n\t\t\t\t\t<div class=\"elementor-column elementor-col-100 elementor-top-column elementor-element elementor-element-42fb970\" data-id=\"42fb970\" data-element_type=\"column\" data-e-type=\"column\">\n\t\t\t<div class=\"elementor-widget-wrap elementor-element-populated\">\n\t\t\t\t\t\t<div class=\"elementor-element elementor-element-c5cdefb elementor-widget elementor-widget-heading\" data-id=\"c5cdefb\" data-element_type=\"widget\" data-e-type=\"widget\" data-widget_type=\"heading.default\">\n\t\t\t\t<div class=\"elementor-widget-container\">\n\t\t\t\t\t<h1 class=\"elementor-heading-title elementor-size-default\">NOS R\u00c9F\u00c9RENCES, DES PROPRI\u00c9TAIRES SATISFAITS<\/h1>\t\t\t\t<\/div>\n\t\t\t\t<\/div>\n\t\t\t\t<div class=\"elementor-element elementor-element-0c44235 elementor-widget elementor-widget-spacer\" data-id=\"0c44235\" data-element_type=\"widget\" data-e-type=\"widget\" data-widget_type=\"spacer.default\">\n\t\t\t\t<div class=\"elementor-widget-container\">\n\t\t\t\t\t\t\t<div class=\"elementor-spacer\">\n\t\t\t<div class=\"elementor-spacer-inner\"><\/div>\n\t\t<\/div>\n\t\t\t\t\t\t<\/div>\n\t\t\t\t<\/div>\n\t\t\t\t<div class=\"elementor-element elementor-element-9eca3db elementor-widget elementor-widget-heading\" data-id=\"9eca3db\" data-element_type=\"widget\" data-e-type=\"widget\" data-widget_type=\"heading.default\">\n\t\t\t\t<div class=\"elementor-widget-container\">\n\t\t\t\t\t<h2 class=\"elementor-heading-title elementor-size-default\">Nature &amp; R\u00e9sidence VILLAGE r\u00e9alise et g\u00e8re des Parcs R\u00e9sidentiels de Loisirs \u00e0 cession de parcelle pour vous permettre de passer des vacances originales et conviviales, tout en pr\u00e9servant votre tranquillit\u00e9. \n<\/h2>\t\t\t\t<\/div>\n\t\t\t\t<\/div>\n\t\t\t\t<div class=\"elementor-element elementor-element-3f3c697 elementor-widget elementor-widget-text-editor\" data-id=\"3f3c697\" data-element_type=\"widget\" data-e-type=\"widget\" data-widget_type=\"text-editor.default\">\n\t\t\t\t<div class=\"elementor-widget-container\">\n\t\t\t\t\t\t\t\t\t<p style=\"text-align: center;\">Dans un cadre idyllique, en \u00e9co-conception, nos habitations secondaires sont accompagn\u00e9es de prestations de services haut de gamme. Piscine, espaces verts, gardiennage\u2026 Profitez d\u2019un coucher de soleil sur votre terrasse en pleine nature, nous nous occupons de tout.<br \/>D\u00e9couvrez ci-dessous les parcs r\u00e9sidentiels de loisirs d\u00e9j\u00e0 r\u00e9alis\u00e9s. Ils vous font r\u00eaver\u00a0? Alors rendez-vous sur <strong><a href=\"https:\/\/natureetresidencevillage.com\/nos-programmes\/\">\u00ab\u00a0nos programmes\u00a0\u00bb <\/a>,<\/strong> nous sommes certains qu\u2019un de nos domaines est fait pour vous\u00a0!<\/p>\t\t\t\t\t\t\t\t<\/div>\n\t\t\t\t<\/div>\n\t\t\t\t\t<\/div>\n\t\t<\/div>\n\t\t\t\t\t<\/div>\n\t\t<\/section>\n\t\t\t\t<section class=\"elementor-section elementor-top-section elementor-element elementor-element-f79f47a elementor-section-boxed elementor-section-height-default elementor-section-height-default\" data-id=\"f79f47a\" data-element_type=\"section\" data-e-type=\"section\" data-settings=\"{&quot;background_background&quot;:&quot;classic&quot;}\">\n\t\t\t\t\t\t<div class=\"elementor-container elementor-column-gap-default\">\n\t\t\t\t\t<div class=\"elementor-column elementor-col-100 elementor-top-column elementor-element elementor-element-0f38350\" data-id=\"0f38350\" data-element_type=\"column\" data-e-type=\"column\">\n\t\t\t<div class=\"elementor-widget-wrap elementor-element-populated\">\n\t\t\t\t\t\t<div class=\"elementor-element elementor-element-6d042dc elementor-view-framed elementor-shape-circle elementor-position-block-start elementor-mobile-position-block-start elementor-widget elementor-widget-icon-box\" data-id=\"6d042dc\" data-element_type=\"widget\" data-e-type=\"widget\" data-widget_type=\"icon-box.default\">\n\t\t\t\t<div class=\"elementor-widget-container\">\n\t\t\t\t\t\t\t<div class=\"elementor-icon-box-wrapper\">\n\n\t\t\t\t\t\t<div class=\"elementor-icon-box-icon\">\n\t\t\t\t<span  class=\"elementor-icon\">\n\t\t\t\t<i aria-hidden=\"true\" class=\"fas fa-chevron-down\"><\/i>\t\t\t\t<\/span>\n\t\t\t<\/div>\n\t\t\t\n\t\t\t\t\t\t<div class=\"elementor-icon-box-content\">\n\n\t\t\t\t\t\t\t\t\t<h3 class=\"elementor-icon-box-title\">\n\t\t\t\t\t\t<span  >\n\t\t\t\t\t\t\tD\u00e9couvrez tous nos <b>programmes r\u00e9alis\u00e9s<\/b>\t\t\t\t\t\t<\/span>\n\t\t\t\t\t<\/h3>\n\t\t\t\t\n\t\t\t\t\n\t\t\t<\/div>\n\t\t\t\n\t\t<\/div>\n\t\t\t\t\t\t<\/div>\n\t\t\t\t<\/div>\n\t\t\t\t<div class=\"elementor-element elementor-element-9aeeecc elementor-widget elementor-widget-shortcode\" data-id=\"9aeeecc\" data-element_type=\"widget\" data-e-type=\"widget\" data-widget_type=\"shortcode.default\">\n\t\t\t\t<div class=\"elementor-widget-container\">\n\t\t\t\t\t\t\t<div class=\"elementor-shortcode\"><div class=\"map_wrapper\" id=\"map_wrapper_12181\">\n<div class=\"map_box\" style=\"max-width:2200px\">\n<div class=\"map_aspect_ratio\" style=\"padding-top:90%\" data-padding-top=\"90%\" data-padding-top-mobile=\"100%\">\n<div class=\"map_container\">\n<div class=\"map_render map_loading\" id=\"map_12181\"><\/div>\n<\/div>\n<\/div>\n<\/div>\n<\/div><\/div>\n\t\t\t\t\t\t<\/div>\n\t\t\t\t<\/div>\n\t\t\t\t\t<\/div>\n\t\t<\/div>\n\t\t\t\t\t<\/div>\n\t\t<\/section>\n\t\t\t\t<section class=\"elementor-section elementor-top-section elementor-element elementor-element-90d5708 elementor-section-boxed elementor-section-height-default elementor-section-height-default\" data-id=\"90d5708\" data-element_type=\"section\" data-e-type=\"section\" data-settings=\"{&quot;background_background&quot;:&quot;classic&quot;}\">\n\t\t\t\t\t\t<div class=\"elementor-container elementor-column-gap-default\">\n\t\t\t\t\t<div class=\"elementor-column elementor-col-33 elementor-top-column elementor-element elementor-element-4c457a1\" data-id=\"4c457a1\" data-element_type=\"column\" data-e-type=\"column\">\n\t\t\t<div class=\"elementor-widget-wrap\">\n\t\t\t\t\t\t\t<\/div>\n\t\t<\/div>\n\t\t\t\t<div class=\"elementor-column elementor-col-33 elementor-top-column elementor-element elementor-element-4955f07\" data-id=\"4955f07\" data-element_type=\"column\" data-e-type=\"column\">\n\t\t\t<div class=\"elementor-widget-wrap elementor-element-populated\">\n\t\t\t\t\t\t<div class=\"elementor-element elementor-element-0b116da elementor-icon-list--layout-traditional elementor-list-item-link-full_width elementor-widget elementor-widget-icon-list\" data-id=\"0b116da\" data-element_type=\"widget\" data-e-type=\"widget\" data-widget_type=\"icon-list.default\">\n\t\t\t\t<div class=\"elementor-widget-container\">\n\t\t\t\t\t\t\t<ul class=\"elementor-icon-list-items\">\n\t\t\t\t\t\t\t<li class=\"elementor-icon-list-item\">\n\t\t\t\t\t\t\t\t\t\t\t<span class=\"elementor-icon-list-icon\">\n\t\t\t\t\t\t\t<i aria-hidden=\"true\" class=\"fas fa-circle\"><\/i>\t\t\t\t\t\t<\/span>\n\t\t\t\t\t\t\t\t\t\t<span class=\"elementor-icon-list-text\">Nos r\u00e9f\u00e9rences<\/span>\n\t\t\t\t\t\t\t\t\t<\/li>\n\t\t\t\t\t\t<\/ul>\n\t\t\t\t\t\t<\/div>\n\t\t\t\t<\/div>\n\t\t\t\t\t<\/div>\n\t\t<\/div>\n\t\t\t\t<div class=\"elementor-column elementor-col-33 elementor-top-column elementor-element elementor-element-7d8ca4c\" data-id=\"7d8ca4c\" data-element_type=\"column\" data-e-type=\"column\">\n\t\t\t<div class=\"elementor-widget-wrap\">\n\t\t\t\t\t\t\t<\/div>\n\t\t<\/div>\n\t\t\t\t\t<\/div>\n\t\t<\/section>\n\t\t\t\t<section class=\"elementor-section elementor-top-section elementor-element elementor-element-7d6a94b elementor-section-boxed elementor-section-height-default elementor-section-height-default\" data-id=\"7d6a94b\" data-element_type=\"section\" data-e-type=\"section\">\n\t\t\t\t\t\t<div class=\"elementor-container elementor-column-gap-default\">\n\t\t\t\t\t<div class=\"elementor-column elementor-col-100 elementor-top-column elementor-element elementor-element-4c6aeb4\" data-id=\"4c6aeb4\" data-element_type=\"column\" data-e-type=\"column\">\n\t\t\t<div class=\"elementor-widget-wrap elementor-element-populated\">\n\t\t\t\t\t\t<section class=\"elementor-section elementor-inner-section elementor-element elementor-element-efc5dc6 elementor-section-boxed elementor-section-height-default elementor-section-height-default\" data-id=\"efc5dc6\" data-element_type=\"section\" data-e-type=\"section\">\n\t\t\t\t\t\t<div class=\"elementor-container elementor-column-gap-default\">\n\t\t\t\t\t<div class=\"elementor-column elementor-col-100 elementor-inner-column elementor-element elementor-element-9dee8da\" data-id=\"9dee8da\" data-element_type=\"column\" data-e-type=\"column\">\n\t\t\t<div class=\"elementor-widget-wrap elementor-element-populated\">\n\t\t\t\t\t\t<div class=\"elementor-element elementor-element-96fd5bc elementor-widget elementor-widget-premium-img-gallery\" data-id=\"96fd5bc\" data-element_type=\"widget\" data-e-type=\"widget\" data-settings=\"{&quot;premium_gallery_img_content&quot;:[{&quot;_id&quot;:&quot;786c639&quot;,&quot;premium_gallery_img&quot;:{&quot;url&quot;:&quot;https:\\\/\\\/natureetresidencevillage.com\\\/wp-content\\\/uploads\\\/2021\\\/05\\\/plage-surf-famille-landes-saubrigues-vignettes.jpg&quot;,&quot;id&quot;:5564,&quot;size&quot;:&quot;&quot;,&quot;alt&quot;:&quot;&quot;,&quot;source&quot;:&quot;library&quot;},&quot;premium_gallery_img_name&quot;:&quot;Las casas de las Lanas &quot;,&quot;premium_gallery_img_desc&quot;:&quot;&lt;p class=\\&quot;cat-lieux\\&quot;&gt;Saubrigues - C\\u00d4TE LANDAISE&lt;\\\/p&gt;&lt;\\\/br&gt;\\n\\n &quot;,&quot;premium_gallery_img_category&quot;:&quot;bord de mer, c\\u00f4te ouest&quot;,&quot;premium_gallery_img_link&quot;:{&quot;url&quot;:&quot;https:\\\/\\\/natureetresidencevillage.com\\\/nos-references\\\/prl-las-casas-de-las-lanas\\\/&quot;,&quot;is_external&quot;:&quot;&quot;,&quot;nofollow&quot;:&quot;&quot;,&quot;custom_attributes&quot;:&quot;&quot;},&quot;premium_gallery_link_whole&quot;:&quot;yes&quot;,&quot;premium_gallery_lightbox_whole&quot;:&quot;yes&quot;,&quot;premium_gallery_image_cell&quot;:{&quot;unit&quot;:&quot;px&quot;,&quot;size&quot;:4,&quot;sizes&quot;:[]},&quot;premium_gallery_image_cell_laptop&quot;:{&quot;unit&quot;:&quot;px&quot;,&quot;size&quot;:&quot;&quot;,&quot;sizes&quot;:[]},&quot;premium_gallery_image_cell_tablet&quot;:{&quot;unit&quot;:&quot;px&quot;,&quot;size&quot;:&quot;&quot;,&quot;sizes&quot;:[]},&quot;premium_gallery_image_cell_mobile&quot;:{&quot;unit&quot;:&quot;px&quot;,&quot;size&quot;:&quot;&quot;,&quot;sizes&quot;:[]},&quot;premium_gallery_image_vcell&quot;:{&quot;unit&quot;:&quot;px&quot;,&quot;size&quot;:4,&quot;sizes&quot;:[]},&quot;premium_gallery_image_vcell_laptop&quot;:{&quot;unit&quot;:&quot;px&quot;,&quot;size&quot;:&quot;&quot;,&quot;sizes&quot;:[]},&quot;premium_gallery_image_vcell_tablet&quot;:{&quot;unit&quot;:&quot;px&quot;,&quot;size&quot;:&quot;&quot;,&quot;sizes&quot;:[]},&quot;premium_gallery_image_vcell_mobile&quot;:{&quot;unit&quot;:&quot;px&quot;,&quot;size&quot;:&quot;&quot;,&quot;sizes&quot;:[]},&quot;premium_gallery_video&quot;:&quot;&quot;,&quot;premium_gallery_video_type&quot;:null,&quot;premium_gallery_video_url&quot;:null,&quot;premium_gallery_video_self&quot;:null,&quot;premium_gallery_video_self_url&quot;:null,&quot;premium_gallery_video_controls&quot;:null,&quot;premium_gallery_video_mute&quot;:null,&quot;premium_gallery_video_loop&quot;:null,&quot;download_button&quot;:null,&quot;privacy_mode&quot;:null,&quot;premmium_gallery_img_info&quot;:&quot;&quot;,&quot;premium_gallery_img_link_type&quot;:&quot;url&quot;,&quot;premium_gallery_img_existing&quot;:null},{&quot;_id&quot;:&quot;dd5b7ce&quot;,&quot;premium_gallery_img&quot;:{&quot;url&quot;:&quot;https:\\\/\\\/natureetresidencevillage.com\\\/wp-content\\\/uploads\\\/2020\\\/07\\\/COAT-MOR_768x500px-1.jpg&quot;,&quot;id&quot;:4342,&quot;size&quot;:&quot;&quot;,&quot;alt&quot;:&quot;&quot;,&quot;source&quot;:&quot;library&quot;},&quot;premium_gallery_img_name&quot;:&quot;Le domaine de Coat Mor&quot;,&quot;premium_gallery_img_desc&quot;:&quot;&lt;p class=\\&quot;cat-lieux\\&quot;&gt;Pont L\\u2019Abbe\\u0301 - Finist\\u00e8re&lt;\\\/p&gt;&quot;,&quot;premium_gallery_img_category&quot;:&quot;Finist\\u00e8re, campagne, bretagne&quot;,&quot;premium_gallery_img_link&quot;:{&quot;url&quot;:&quot;\\\/nos-references\\\/domaine-coat-mor\\\/&quot;,&quot;is_external&quot;:&quot;&quot;,&quot;nofollow&quot;:&quot;&quot;,&quot;custom_attributes&quot;:&quot;&quot;},&quot;premium_gallery_link_whole&quot;:&quot;yes&quot;,&quot;premium_gallery_lightbox_whole&quot;:&quot;yes&quot;,&quot;premium_gallery_image_cell&quot;:{&quot;unit&quot;:&quot;px&quot;,&quot;size&quot;:4,&quot;sizes&quot;:[]},&quot;premium_gallery_image_cell_laptop&quot;:{&quot;unit&quot;:&quot;px&quot;,&quot;size&quot;:&quot;&quot;,&quot;sizes&quot;:[]},&quot;premium_gallery_image_cell_tablet&quot;:{&quot;unit&quot;:&quot;px&quot;,&quot;size&quot;:&quot;&quot;,&quot;sizes&quot;:[]},&quot;premium_gallery_image_cell_mobile&quot;:{&quot;unit&quot;:&quot;px&quot;,&quot;size&quot;:&quot;&quot;,&quot;sizes&quot;:[]},&quot;premium_gallery_image_vcell&quot;:{&quot;unit&quot;:&quot;px&quot;,&quot;size&quot;:4,&quot;sizes&quot;:[]},&quot;premium_gallery_image_vcell_laptop&quot;:{&quot;unit&quot;:&quot;px&quot;,&quot;size&quot;:&quot;&quot;,&quot;sizes&quot;:[]},&quot;premium_gallery_image_vcell_tablet&quot;:{&quot;unit&quot;:&quot;px&quot;,&quot;size&quot;:&quot;&quot;,&quot;sizes&quot;:[]},&quot;premium_gallery_image_vcell_mobile&quot;:{&quot;unit&quot;:&quot;px&quot;,&quot;size&quot;:&quot;&quot;,&quot;sizes&quot;:[]},&quot;premium_gallery_video&quot;:&quot;&quot;,&quot;premium_gallery_video_type&quot;:null,&quot;premium_gallery_video_url&quot;:null,&quot;premium_gallery_video_self&quot;:null,&quot;premium_gallery_video_self_url&quot;:null,&quot;premium_gallery_video_controls&quot;:null,&quot;premium_gallery_video_mute&quot;:null,&quot;premium_gallery_video_loop&quot;:null,&quot;download_button&quot;:null,&quot;privacy_mode&quot;:null,&quot;premmium_gallery_img_info&quot;:&quot;&quot;,&quot;premium_gallery_img_link_type&quot;:&quot;url&quot;,&quot;premium_gallery_img_existing&quot;:null},{&quot;premium_gallery_img_name&quot;:&quot;Les Clos de Gascogne&quot;,&quot;premium_gallery_img_category&quot;:&quot;Finist\\u00e8re, campagne, bretagne&quot;,&quot;premium_gallery_img&quot;:{&quot;url&quot;:&quot;https:\\\/\\\/natureetresidencevillage.com\\\/wp-content\\\/uploads\\\/2020\\\/04\\\/vignette-clos-gascogne.jpg&quot;,&quot;id&quot;:4079,&quot;size&quot;:&quot;&quot;,&quot;alt&quot;:&quot;&quot;,&quot;source&quot;:&quot;library&quot;},&quot;premium_gallery_image_cell&quot;:{&quot;unit&quot;:&quot;px&quot;,&quot;size&quot;:3,&quot;sizes&quot;:[]},&quot;premium_gallery_image_vcell&quot;:{&quot;unit&quot;:&quot;px&quot;,&quot;size&quot;:2,&quot;sizes&quot;:[]},&quot;premium_gallery_img_desc&quot;:&quot;&lt;p class=\\&quot;cat-lieux\\&quot;&gt;Labouheyre - C\\u00f4te Ouest&lt;\\\/p&gt;&lt;\\\/br&gt;\\n&quot;,&quot;premium_gallery_img_link&quot;:{&quot;url&quot;:&quot;https:\\\/\\\/natureetresidencevillage.com\\\/nos-references\\\/prl-clos-gascogne\\\/&quot;,&quot;is_external&quot;:&quot;&quot;,&quot;nofollow&quot;:&quot;&quot;,&quot;custom_attributes&quot;:&quot;&quot;},&quot;premium_gallery_link_whole&quot;:&quot;yes&quot;,&quot;premium_gallery_lightbox_whole&quot;:&quot;yes&quot;,&quot;_id&quot;:&quot;d85e696&quot;,&quot;premium_gallery_image_cell_laptop&quot;:{&quot;unit&quot;:&quot;px&quot;,&quot;size&quot;:&quot;&quot;,&quot;sizes&quot;:[]},&quot;premium_gallery_image_cell_tablet&quot;:{&quot;unit&quot;:&quot;px&quot;,&quot;size&quot;:&quot;&quot;,&quot;sizes&quot;:[]},&quot;premium_gallery_image_cell_mobile&quot;:{&quot;unit&quot;:&quot;px&quot;,&quot;size&quot;:&quot;&quot;,&quot;sizes&quot;:[]},&quot;premium_gallery_image_vcell_laptop&quot;:{&quot;unit&quot;:&quot;px&quot;,&quot;size&quot;:&quot;&quot;,&quot;sizes&quot;:[]},&quot;premium_gallery_image_vcell_tablet&quot;:{&quot;unit&quot;:&quot;px&quot;,&quot;size&quot;:&quot;&quot;,&quot;sizes&quot;:[]},&quot;premium_gallery_image_vcell_mobile&quot;:{&quot;unit&quot;:&quot;px&quot;,&quot;size&quot;:&quot;&quot;,&quot;sizes&quot;:[]},&quot;premium_gallery_video&quot;:&quot;&quot;,&quot;premium_gallery_video_type&quot;:null,&quot;premium_gallery_video_url&quot;:null,&quot;premium_gallery_video_self&quot;:null,&quot;premium_gallery_video_self_url&quot;:null,&quot;premium_gallery_video_controls&quot;:null,&quot;premium_gallery_video_mute&quot;:null,&quot;premium_gallery_video_loop&quot;:null,&quot;download_button&quot;:null,&quot;privacy_mode&quot;:null,&quot;premmium_gallery_img_info&quot;:&quot;&quot;,&quot;premium_gallery_img_link_type&quot;:&quot;url&quot;,&quot;premium_gallery_img_existing&quot;:null},{&quot;premium_gallery_img_name&quot;:&quot;Les Clos Napol\\u00e9on&quot;,&quot;premium_gallery_img_category&quot;:&quot;Montagne&quot;,&quot;premium_gallery_img&quot;:{&quot;url&quot;:&quot;https:\\\/\\\/natureetresidencevillage.com\\\/wp-content\\\/uploads\\\/2020\\\/07\\\/LE-CLOS-NAPOLEON_768x500px.jpg&quot;,&quot;id&quot;:4349,&quot;size&quot;:&quot;&quot;,&quot;alt&quot;:&quot;&quot;,&quot;source&quot;:&quot;library&quot;},&quot;premium_gallery_image_cell&quot;:{&quot;unit&quot;:&quot;px&quot;,&quot;size&quot;:3,&quot;sizes&quot;:[]},&quot;premium_gallery_image_vcell&quot;:{&quot;unit&quot;:&quot;px&quot;,&quot;size&quot;:2,&quot;sizes&quot;:[]},&quot;premium_gallery_img_desc&quot;:&quot;&lt;p class=\\&quot;cat-lieux\\&quot;&gt;Gap - Alpes&lt;\\\/p&gt;&quot;,&quot;premium_gallery_img_link&quot;:{&quot;url&quot;:&quot;https:\\\/\\\/natureetresidencevillage.com\\\/en\\\/nos-references\\\/prl-clos-napoleon\\\/&quot;,&quot;is_external&quot;:&quot;&quot;,&quot;nofollow&quot;:&quot;&quot;,&quot;custom_attributes&quot;:&quot;&quot;},&quot;premium_gallery_link_whole&quot;:&quot;yes&quot;,&quot;premium_gallery_lightbox_whole&quot;:&quot;yes&quot;,&quot;_id&quot;:&quot;3bcad40&quot;,&quot;__dynamic__&quot;:{&quot;premium_gallery_img_link&quot;:&quot;[elementor-tag id=\\&quot;900773a\\&quot; name=\\&quot;internal-url\\&quot; settings=\\&quot;%7B%22type%22%3A%22post%22%2C%22post_id%22%3A%221392%22%7D\\&quot;]&quot;},&quot;premium_gallery_image_cell_laptop&quot;:{&quot;unit&quot;:&quot;px&quot;,&quot;size&quot;:&quot;&quot;,&quot;sizes&quot;:[]},&quot;premium_gallery_image_cell_tablet&quot;:{&quot;unit&quot;:&quot;px&quot;,&quot;size&quot;:&quot;&quot;,&quot;sizes&quot;:[]},&quot;premium_gallery_image_cell_mobile&quot;:{&quot;unit&quot;:&quot;px&quot;,&quot;size&quot;:&quot;&quot;,&quot;sizes&quot;:[]},&quot;premium_gallery_image_vcell_laptop&quot;:{&quot;unit&quot;:&quot;px&quot;,&quot;size&quot;:&quot;&quot;,&quot;sizes&quot;:[]},&quot;premium_gallery_image_vcell_tablet&quot;:{&quot;unit&quot;:&quot;px&quot;,&quot;size&quot;:&quot;&quot;,&quot;sizes&quot;:[]},&quot;premium_gallery_image_vcell_mobile&quot;:{&quot;unit&quot;:&quot;px&quot;,&quot;size&quot;:&quot;&quot;,&quot;sizes&quot;:[]},&quot;premium_gallery_video&quot;:&quot;&quot;,&quot;premium_gallery_video_type&quot;:null,&quot;premium_gallery_video_url&quot;:null,&quot;premium_gallery_video_self&quot;:null,&quot;premium_gallery_video_self_url&quot;:null,&quot;premium_gallery_video_controls&quot;:null,&quot;premium_gallery_video_mute&quot;:null,&quot;premium_gallery_video_loop&quot;:null,&quot;download_button&quot;:null,&quot;privacy_mode&quot;:null,&quot;premmium_gallery_img_info&quot;:&quot;&quot;,&quot;premium_gallery_img_link_type&quot;:&quot;url&quot;,&quot;premium_gallery_img_existing&quot;:null},{&quot;premium_gallery_img_name&quot;:&quot;L&#039;Or\\u00e9e d&#039;Arzal&quot;,&quot;premium_gallery_img_category&quot;:&quot;Bretagne, bord de mer&quot;,&quot;premium_gallery_img&quot;:{&quot;url&quot;:&quot;https:\\\/\\\/natureetresidencevillage.com\\\/wp-content\\\/uploads\\\/2021\\\/07\\\/oree-arzal.jpg&quot;,&quot;id&quot;:6733,&quot;size&quot;:&quot;&quot;,&quot;alt&quot;:&quot;oree arzal&quot;,&quot;source&quot;:&quot;library&quot;},&quot;premium_gallery_image_cell&quot;:{&quot;unit&quot;:&quot;px&quot;,&quot;size&quot;:3,&quot;sizes&quot;:[]},&quot;premium_gallery_image_vcell&quot;:{&quot;unit&quot;:&quot;px&quot;,&quot;size&quot;:2,&quot;sizes&quot;:[]},&quot;premium_gallery_img_desc&quot;:&quot;&lt;p class=\\&quot;cat-lieux\\&quot;&gt;Port d&#039;Arzal - Bretagne&lt;\\\/p&gt;&lt;\\\/br&gt;\\n&quot;,&quot;premium_gallery_img_link&quot;:{&quot;url&quot;:&quot;https:\\\/\\\/natureetresidencevillage.com\\\/nos-references\\\/loree-darzal\\\/&quot;,&quot;is_external&quot;:&quot;&quot;,&quot;nofollow&quot;:&quot;&quot;,&quot;custom_attributes&quot;:&quot;&quot;},&quot;premium_gallery_link_whole&quot;:&quot;yes&quot;,&quot;premium_gallery_lightbox_whole&quot;:&quot;yes&quot;,&quot;_id&quot;:&quot;d2a85d3&quot;,&quot;premium_gallery_image_cell_laptop&quot;:{&quot;unit&quot;:&quot;px&quot;,&quot;size&quot;:&quot;&quot;,&quot;sizes&quot;:[]},&quot;premium_gallery_image_cell_tablet&quot;:{&quot;unit&quot;:&quot;px&quot;,&quot;size&quot;:&quot;&quot;,&quot;sizes&quot;:[]},&quot;premium_gallery_image_cell_mobile&quot;:{&quot;unit&quot;:&quot;px&quot;,&quot;size&quot;:&quot;&quot;,&quot;sizes&quot;:[]},&quot;premium_gallery_image_vcell_laptop&quot;:{&quot;unit&quot;:&quot;px&quot;,&quot;size&quot;:&quot;&quot;,&quot;sizes&quot;:[]},&quot;premium_gallery_image_vcell_tablet&quot;:{&quot;unit&quot;:&quot;px&quot;,&quot;size&quot;:&quot;&quot;,&quot;sizes&quot;:[]},&quot;premium_gallery_image_vcell_mobile&quot;:{&quot;unit&quot;:&quot;px&quot;,&quot;size&quot;:&quot;&quot;,&quot;sizes&quot;:[]},&quot;premium_gallery_video&quot;:&quot;&quot;,&quot;premium_gallery_video_type&quot;:null,&quot;premium_gallery_video_url&quot;:null,&quot;premium_gallery_video_self&quot;:null,&quot;premium_gallery_video_self_url&quot;:null,&quot;premium_gallery_video_controls&quot;:null,&quot;premium_gallery_video_mute&quot;:null,&quot;premium_gallery_video_loop&quot;:null,&quot;download_button&quot;:null,&quot;privacy_mode&quot;:null,&quot;premmium_gallery_img_info&quot;:&quot;&quot;,&quot;premium_gallery_img_link_type&quot;:&quot;url&quot;,&quot;premium_gallery_img_existing&quot;:null},{&quot;premium_gallery_img_name&quot;:&quot;le Domaine de la Grenati\\u00e8re&quot;,&quot;premium_gallery_img_category&quot;:&quot;Mediterran\\u00e9e, bord de mer&quot;,&quot;premium_gallery_img&quot;:{&quot;url&quot;:&quot;https:\\\/\\\/natureetresidencevillage.com\\\/wp-content\\\/uploads\\\/2020\\\/08\\\/LA_GRENATIERE_-_Marseillan-1453-copie.jpg&quot;,&quot;id&quot;:4416,&quot;size&quot;:&quot;&quot;,&quot;alt&quot;:&quot;&quot;,&quot;source&quot;:&quot;library&quot;},&quot;premium_gallery_image_cell&quot;:{&quot;unit&quot;:&quot;px&quot;,&quot;size&quot;:3,&quot;sizes&quot;:[]},&quot;premium_gallery_image_vcell&quot;:{&quot;unit&quot;:&quot;px&quot;,&quot;size&quot;:2,&quot;sizes&quot;:[]},&quot;premium_gallery_img_desc&quot;:&quot;&lt;p class=\\&quot;cat-lieux\\&quot;&gt;Marseillan - M\\u00e9diterran\\u00e9e&lt;\\\/p&gt;&lt;\\\/br&gt;\\n&quot;,&quot;premium_gallery_img_link&quot;:{&quot;url&quot;:&quot;\\\/nos-references\\\/domaine-grenatiere\\\/&quot;,&quot;is_external&quot;:&quot;&quot;,&quot;nofollow&quot;:&quot;&quot;,&quot;custom_attributes&quot;:&quot;&quot;},&quot;premium_gallery_link_whole&quot;:&quot;yes&quot;,&quot;premium_gallery_lightbox_whole&quot;:&quot;yes&quot;,&quot;_id&quot;:&quot;e2a2382&quot;,&quot;premium_gallery_image_cell_laptop&quot;:{&quot;unit&quot;:&quot;px&quot;,&quot;size&quot;:&quot;&quot;,&quot;sizes&quot;:[]},&quot;premium_gallery_image_cell_tablet&quot;:{&quot;unit&quot;:&quot;px&quot;,&quot;size&quot;:&quot;&quot;,&quot;sizes&quot;:[]},&quot;premium_gallery_image_cell_mobile&quot;:{&quot;unit&quot;:&quot;px&quot;,&quot;size&quot;:&quot;&quot;,&quot;sizes&quot;:[]},&quot;premium_gallery_image_vcell_laptop&quot;:{&quot;unit&quot;:&quot;px&quot;,&quot;size&quot;:&quot;&quot;,&quot;sizes&quot;:[]},&quot;premium_gallery_image_vcell_tablet&quot;:{&quot;unit&quot;:&quot;px&quot;,&quot;size&quot;:&quot;&quot;,&quot;sizes&quot;:[]},&quot;premium_gallery_image_vcell_mobile&quot;:{&quot;unit&quot;:&quot;px&quot;,&quot;size&quot;:&quot;&quot;,&quot;sizes&quot;:[]},&quot;premium_gallery_video&quot;:&quot;&quot;,&quot;premium_gallery_video_type&quot;:null,&quot;premium_gallery_video_url&quot;:null,&quot;premium_gallery_video_self&quot;:null,&quot;premium_gallery_video_self_url&quot;:null,&quot;premium_gallery_video_controls&quot;:null,&quot;premium_gallery_video_mute&quot;:null,&quot;premium_gallery_video_loop&quot;:null,&quot;download_button&quot;:null,&quot;privacy_mode&quot;:null,&quot;premmium_gallery_img_info&quot;:&quot;&quot;,&quot;premium_gallery_img_link_type&quot;:&quot;url&quot;,&quot;premium_gallery_img_existing&quot;:null},{&quot;premium_gallery_img_name&quot;:&quot;Les Cottages de La Baule&quot;,&quot;premium_gallery_img_category&quot;:&quot;Loire-Atlantique, bord de mer&quot;,&quot;premium_gallery_img&quot;:{&quot;url&quot;:&quot;https:\\\/\\\/natureetresidencevillage.com\\\/wp-content\\\/uploads\\\/2020\\\/08\\\/LES-COTTAGES-DE-LA-BAULE_Marais-salants_2MO.jpg&quot;,&quot;id&quot;:4473,&quot;size&quot;:&quot;&quot;,&quot;alt&quot;:&quot;&quot;,&quot;source&quot;:&quot;library&quot;},&quot;premium_gallery_image_cell&quot;:{&quot;unit&quot;:&quot;px&quot;,&quot;size&quot;:3,&quot;sizes&quot;:[]},&quot;premium_gallery_image_vcell&quot;:{&quot;unit&quot;:&quot;px&quot;,&quot;size&quot;:2,&quot;sizes&quot;:[]},&quot;premium_gallery_img_desc&quot;:&quot;&lt;p class=\\&quot;cat-lieux\\&quot;&gt;La Baule - Loire Atlantique&lt;\\\/p&gt;&lt;\\\/br&gt;\\n&quot;,&quot;premium_gallery_img_link&quot;:{&quot;url&quot;:&quot;\\\/nos-references\\\/prl-baule-tremondec\\\/&quot;,&quot;is_external&quot;:&quot;&quot;,&quot;nofollow&quot;:&quot;&quot;,&quot;custom_attributes&quot;:&quot;&quot;},&quot;premium_gallery_link_whole&quot;:&quot;yes&quot;,&quot;premium_gallery_lightbox_whole&quot;:&quot;yes&quot;,&quot;_id&quot;:&quot;ddb9cac&quot;,&quot;premium_gallery_image_cell_laptop&quot;:{&quot;unit&quot;:&quot;px&quot;,&quot;size&quot;:&quot;&quot;,&quot;sizes&quot;:[]},&quot;premium_gallery_image_cell_tablet&quot;:{&quot;unit&quot;:&quot;px&quot;,&quot;size&quot;:&quot;&quot;,&quot;sizes&quot;:[]},&quot;premium_gallery_image_cell_mobile&quot;:{&quot;unit&quot;:&quot;px&quot;,&quot;size&quot;:&quot;&quot;,&quot;sizes&quot;:[]},&quot;premium_gallery_image_vcell_laptop&quot;:{&quot;unit&quot;:&quot;px&quot;,&quot;size&quot;:&quot;&quot;,&quot;sizes&quot;:[]},&quot;premium_gallery_image_vcell_tablet&quot;:{&quot;unit&quot;:&quot;px&quot;,&quot;size&quot;:&quot;&quot;,&quot;sizes&quot;:[]},&quot;premium_gallery_image_vcell_mobile&quot;:{&quot;unit&quot;:&quot;px&quot;,&quot;size&quot;:&quot;&quot;,&quot;sizes&quot;:[]},&quot;premium_gallery_video&quot;:&quot;&quot;,&quot;premium_gallery_video_type&quot;:null,&quot;premium_gallery_video_url&quot;:null,&quot;premium_gallery_video_self&quot;:null,&quot;premium_gallery_video_self_url&quot;:null,&quot;premium_gallery_video_controls&quot;:null,&quot;premium_gallery_video_mute&quot;:null,&quot;premium_gallery_video_loop&quot;:null,&quot;download_button&quot;:null,&quot;privacy_mode&quot;:null,&quot;premmium_gallery_img_info&quot;:&quot;&quot;,&quot;premium_gallery_img_link_type&quot;:&quot;url&quot;,&quot;premium_gallery_img_existing&quot;:null},{&quot;premium_gallery_img_name&quot;:&quot;Les Marines d&#039;Arzal&quot;,&quot;premium_gallery_img_category&quot;:&quot;Bretagne, bord de mer&quot;,&quot;premium_gallery_img&quot;:{&quot;url&quot;:&quot;https:\\\/\\\/natureetresidencevillage.com\\\/wp-content\\\/uploads\\\/2020\\\/01\\\/image-une-references-marines-arzal.jpg&quot;,&quot;id&quot;:2374,&quot;size&quot;:&quot;&quot;},&quot;premium_gallery_image_cell&quot;:{&quot;unit&quot;:&quot;px&quot;,&quot;size&quot;:3,&quot;sizes&quot;:[]},&quot;premium_gallery_image_vcell&quot;:{&quot;unit&quot;:&quot;px&quot;,&quot;size&quot;:2,&quot;sizes&quot;:[]},&quot;premium_gallery_img_desc&quot;:&quot;&lt;p class=\\&quot;cat-lieux\\&quot;&gt;Bretagne&lt;\\\/p&gt;&lt;\\\/br&gt;\\n&quot;,&quot;premium_gallery_img_link&quot;:{&quot;url&quot;:&quot;https:\\\/\\\/natureetresidencevillage.com\\\/nos-references\\\/les-marines-darzal\\\/&quot;,&quot;is_external&quot;:&quot;&quot;,&quot;nofollow&quot;:&quot;&quot;,&quot;custom_attributes&quot;:&quot;&quot;},&quot;premium_gallery_link_whole&quot;:&quot;yes&quot;,&quot;premium_gallery_lightbox_whole&quot;:&quot;yes&quot;,&quot;_id&quot;:&quot;989f32f&quot;,&quot;premium_gallery_image_cell_laptop&quot;:{&quot;unit&quot;:&quot;px&quot;,&quot;size&quot;:&quot;&quot;,&quot;sizes&quot;:[]},&quot;premium_gallery_image_cell_tablet&quot;:{&quot;unit&quot;:&quot;px&quot;,&quot;size&quot;:&quot;&quot;,&quot;sizes&quot;:[]},&quot;premium_gallery_image_cell_mobile&quot;:{&quot;unit&quot;:&quot;px&quot;,&quot;size&quot;:&quot;&quot;,&quot;sizes&quot;:[]},&quot;premium_gallery_image_vcell_laptop&quot;:{&quot;unit&quot;:&quot;px&quot;,&quot;size&quot;:&quot;&quot;,&quot;sizes&quot;:[]},&quot;premium_gallery_image_vcell_tablet&quot;:{&quot;unit&quot;:&quot;px&quot;,&quot;size&quot;:&quot;&quot;,&quot;sizes&quot;:[]},&quot;premium_gallery_image_vcell_mobile&quot;:{&quot;unit&quot;:&quot;px&quot;,&quot;size&quot;:&quot;&quot;,&quot;sizes&quot;:[]},&quot;premium_gallery_video&quot;:&quot;&quot;,&quot;premium_gallery_video_type&quot;:null,&quot;premium_gallery_video_url&quot;:null,&quot;premium_gallery_video_self&quot;:null,&quot;premium_gallery_video_self_url&quot;:null,&quot;premium_gallery_video_controls&quot;:null,&quot;premium_gallery_video_mute&quot;:null,&quot;premium_gallery_video_loop&quot;:null,&quot;download_button&quot;:null,&quot;privacy_mode&quot;:null,&quot;premmium_gallery_img_info&quot;:&quot;&quot;,&quot;premium_gallery_img_link_type&quot;:&quot;url&quot;,&quot;premium_gallery_img_existing&quot;:null},{&quot;premium_gallery_img_name&quot;:&quot;Domaine R\\u00e9sidentiel de Lespecier&quot;,&quot;premium_gallery_img_category&quot;:&quot;C\\u00f4te Ouest, bord de mer&quot;,&quot;premium_gallery_img&quot;:{&quot;url&quot;:&quot;https:\\\/\\\/natureetresidencevillage.com\\\/wp-content\\\/uploads\\\/2020\\\/01\\\/image-une-references-lespecier.jpg&quot;,&quot;id&quot;:2373,&quot;size&quot;:&quot;&quot;},&quot;premium_gallery_image_cell&quot;:{&quot;unit&quot;:&quot;px&quot;,&quot;size&quot;:3,&quot;sizes&quot;:[]},&quot;premium_gallery_image_vcell&quot;:{&quot;unit&quot;:&quot;px&quot;,&quot;size&quot;:2,&quot;sizes&quot;:[]},&quot;premium_gallery_img_desc&quot;:&quot;&lt;p class=\\&quot;cat-lieux\\&quot;&gt;C\\u00f4te Ouest&lt;\\\/p&gt;&lt;\\\/br&gt;\\n&quot;,&quot;premium_gallery_img_link&quot;:{&quot;url&quot;:&quot;https:\\\/\\\/natureetresidencevillage.com\\\/nos-references\\\/le-domaine-de-lespecier\\\/&quot;,&quot;is_external&quot;:&quot;&quot;,&quot;nofollow&quot;:&quot;&quot;,&quot;custom_attributes&quot;:&quot;&quot;},&quot;premium_gallery_link_whole&quot;:&quot;yes&quot;,&quot;premium_gallery_lightbox_whole&quot;:&quot;yes&quot;,&quot;_id&quot;:&quot;fb78cc2&quot;,&quot;premium_gallery_image_cell_laptop&quot;:{&quot;unit&quot;:&quot;px&quot;,&quot;size&quot;:&quot;&quot;,&quot;sizes&quot;:[]},&quot;premium_gallery_image_cell_tablet&quot;:{&quot;unit&quot;:&quot;px&quot;,&quot;size&quot;:&quot;&quot;,&quot;sizes&quot;:[]},&quot;premium_gallery_image_cell_mobile&quot;:{&quot;unit&quot;:&quot;px&quot;,&quot;size&quot;:&quot;&quot;,&quot;sizes&quot;:[]},&quot;premium_gallery_image_vcell_laptop&quot;:{&quot;unit&quot;:&quot;px&quot;,&quot;size&quot;:&quot;&quot;,&quot;sizes&quot;:[]},&quot;premium_gallery_image_vcell_tablet&quot;:{&quot;unit&quot;:&quot;px&quot;,&quot;size&quot;:&quot;&quot;,&quot;sizes&quot;:[]},&quot;premium_gallery_image_vcell_mobile&quot;:{&quot;unit&quot;:&quot;px&quot;,&quot;size&quot;:&quot;&quot;,&quot;sizes&quot;:[]},&quot;premium_gallery_video&quot;:&quot;&quot;,&quot;premium_gallery_video_type&quot;:null,&quot;premium_gallery_video_url&quot;:null,&quot;premium_gallery_video_self&quot;:null,&quot;premium_gallery_video_self_url&quot;:null,&quot;premium_gallery_video_controls&quot;:null,&quot;premium_gallery_video_mute&quot;:null,&quot;premium_gallery_video_loop&quot;:null,&quot;download_button&quot;:null,&quot;privacy_mode&quot;:null,&quot;premmium_gallery_img_info&quot;:&quot;&quot;,&quot;premium_gallery_img_link_type&quot;:&quot;url&quot;,&quot;premium_gallery_img_existing&quot;:null},{&quot;premium_gallery_img_name&quot;:&quot;R\\u00e9sidence l&#039;Airial de Frouas&quot;,&quot;premium_gallery_img_category&quot;:&quot;C\\u00f4te Ouest, bord de mer&quot;,&quot;premium_gallery_img&quot;:{&quot;url&quot;:&quot;https:\\\/\\\/natureetresidencevillage.com\\\/wp-content\\\/uploads\\\/2020\\\/01\\\/image-une-references-frouas.jpg&quot;,&quot;id&quot;:2378,&quot;size&quot;:&quot;&quot;},&quot;premium_gallery_image_cell&quot;:{&quot;unit&quot;:&quot;px&quot;,&quot;size&quot;:3,&quot;sizes&quot;:[]},&quot;premium_gallery_image_vcell&quot;:{&quot;unit&quot;:&quot;px&quot;,&quot;size&quot;:2,&quot;sizes&quot;:[]},&quot;premium_gallery_img_desc&quot;:&quot;&lt;p class=\\&quot;cat-lieux\\&quot;&gt;C\\u00f4te Ouest&lt;\\\/p&gt;&lt;\\\/br&gt;\\n&quot;,&quot;premium_gallery_img_link&quot;:{&quot;url&quot;:&quot;https:\\\/\\\/natureetresidencevillage.com\\\/nos-references\\\/lairial-de-frouas\\\/&quot;,&quot;is_external&quot;:&quot;&quot;,&quot;nofollow&quot;:&quot;&quot;,&quot;custom_attributes&quot;:&quot;&quot;},&quot;premium_gallery_link_whole&quot;:&quot;yes&quot;,&quot;_id&quot;:&quot;51a77c7&quot;,&quot;premium_gallery_image_cell_laptop&quot;:{&quot;unit&quot;:&quot;px&quot;,&quot;size&quot;:&quot;&quot;,&quot;sizes&quot;:[]},&quot;premium_gallery_image_cell_tablet&quot;:{&quot;unit&quot;:&quot;px&quot;,&quot;size&quot;:&quot;&quot;,&quot;sizes&quot;:[]},&quot;premium_gallery_image_cell_mobile&quot;:{&quot;unit&quot;:&quot;px&quot;,&quot;size&quot;:&quot;&quot;,&quot;sizes&quot;:[]},&quot;premium_gallery_image_vcell_laptop&quot;:{&quot;unit&quot;:&quot;px&quot;,&quot;size&quot;:&quot;&quot;,&quot;sizes&quot;:[]},&quot;premium_gallery_image_vcell_tablet&quot;:{&quot;unit&quot;:&quot;px&quot;,&quot;size&quot;:&quot;&quot;,&quot;sizes&quot;:[]},&quot;premium_gallery_image_vcell_mobile&quot;:{&quot;unit&quot;:&quot;px&quot;,&quot;size&quot;:&quot;&quot;,&quot;sizes&quot;:[]},&quot;premium_gallery_video&quot;:&quot;&quot;,&quot;premium_gallery_video_type&quot;:null,&quot;premium_gallery_video_url&quot;:null,&quot;premium_gallery_video_self&quot;:null,&quot;premium_gallery_video_self_url&quot;:null,&quot;premium_gallery_video_controls&quot;:null,&quot;premium_gallery_video_mute&quot;:null,&quot;premium_gallery_video_loop&quot;:null,&quot;download_button&quot;:null,&quot;privacy_mode&quot;:null,&quot;premmium_gallery_img_info&quot;:&quot;&quot;,&quot;premium_gallery_img_link_type&quot;:&quot;url&quot;,&quot;premium_gallery_img_existing&quot;:null,&quot;premium_gallery_lightbox_whole&quot;:&quot;&quot;},{&quot;premium_gallery_img_name&quot;:&quot;Les Cottages de la Pin\\u00e8de&quot;,&quot;premium_gallery_img_category&quot;:&quot;C\\u00f4te Ouest, bord de mer&quot;,&quot;premium_gallery_img&quot;:{&quot;url&quot;:&quot;https:\\\/\\\/natureetresidencevillage.com\\\/wp-content\\\/uploads\\\/2020\\\/01\\\/image-une-references-pinede.jpg&quot;,&quot;id&quot;:2379,&quot;size&quot;:&quot;&quot;},&quot;premium_gallery_image_cell&quot;:{&quot;unit&quot;:&quot;px&quot;,&quot;size&quot;:3,&quot;sizes&quot;:[]},&quot;premium_gallery_image_vcell&quot;:{&quot;unit&quot;:&quot;px&quot;,&quot;size&quot;:2,&quot;sizes&quot;:[]},&quot;premium_gallery_img_desc&quot;:&quot;&lt;p class=\\&quot;cat-lieux\\&quot;&gt;C\\u00f4te Ouest&lt;\\\/p&gt;&lt;\\\/br&gt;\\n&quot;,&quot;premium_gallery_img_link&quot;:{&quot;url&quot;:&quot;https:\\\/\\\/natureetresidencevillage.com\\\/nos-references\\\/cottages-de-la-pinede\\\/&quot;,&quot;is_external&quot;:&quot;&quot;,&quot;nofollow&quot;:&quot;&quot;,&quot;custom_attributes&quot;:&quot;&quot;},&quot;premium_gallery_link_whole&quot;:&quot;yes&quot;,&quot;premium_gallery_lightbox_whole&quot;:&quot;yes&quot;,&quot;_id&quot;:&quot;110319e&quot;,&quot;premium_gallery_image_cell_laptop&quot;:{&quot;unit&quot;:&quot;px&quot;,&quot;size&quot;:&quot;&quot;,&quot;sizes&quot;:[]},&quot;premium_gallery_image_cell_tablet&quot;:{&quot;unit&quot;:&quot;px&quot;,&quot;size&quot;:&quot;&quot;,&quot;sizes&quot;:[]},&quot;premium_gallery_image_cell_mobile&quot;:{&quot;unit&quot;:&quot;px&quot;,&quot;size&quot;:&quot;&quot;,&quot;sizes&quot;:[]},&quot;premium_gallery_image_vcell_laptop&quot;:{&quot;unit&quot;:&quot;px&quot;,&quot;size&quot;:&quot;&quot;,&quot;sizes&quot;:[]},&quot;premium_gallery_image_vcell_tablet&quot;:{&quot;unit&quot;:&quot;px&quot;,&quot;size&quot;:&quot;&quot;,&quot;sizes&quot;:[]},&quot;premium_gallery_image_vcell_mobile&quot;:{&quot;unit&quot;:&quot;px&quot;,&quot;size&quot;:&quot;&quot;,&quot;sizes&quot;:[]},&quot;premium_gallery_video&quot;:&quot;&quot;,&quot;premium_gallery_video_type&quot;:null,&quot;premium_gallery_video_url&quot;:null,&quot;premium_gallery_video_self&quot;:null,&quot;premium_gallery_video_self_url&quot;:null,&quot;premium_gallery_video_controls&quot;:null,&quot;premium_gallery_video_mute&quot;:null,&quot;premium_gallery_video_loop&quot;:null,&quot;download_button&quot;:null,&quot;privacy_mode&quot;:null,&quot;premmium_gallery_img_info&quot;:&quot;&quot;,&quot;premium_gallery_img_link_type&quot;:&quot;url&quot;,&quot;premium_gallery_img_existing&quot;:null},{&quot;premium_gallery_img_name&quot;:&quot;La Cigale&quot;,&quot;premium_gallery_img_category&quot;:&quot;C\\u00f4te Ouest, bord de mer&quot;,&quot;premium_gallery_img&quot;:{&quot;url&quot;:&quot;https:\\\/\\\/natureetresidencevillage.com\\\/wp-content\\\/uploads\\\/2020\\\/01\\\/image-une-references-cigale.jpg&quot;,&quot;id&quot;:2376,&quot;size&quot;:&quot;&quot;},&quot;premium_gallery_image_cell&quot;:{&quot;unit&quot;:&quot;px&quot;,&quot;size&quot;:3,&quot;sizes&quot;:[]},&quot;premium_gallery_image_vcell&quot;:{&quot;unit&quot;:&quot;px&quot;,&quot;size&quot;:2,&quot;sizes&quot;:[]},&quot;premium_gallery_img_desc&quot;:&quot;&lt;p class=\\&quot;cat-lieux\\&quot;&gt;C\\u00f4te Ouest&lt;\\\/p&gt;&lt;\\\/br&gt;\\n&quot;,&quot;premium_gallery_img_link&quot;:{&quot;url&quot;:&quot;https:\\\/\\\/natureetresidencevillage.com\\\/nos-references\\\/la-cigale\\\/&quot;,&quot;is_external&quot;:&quot;&quot;,&quot;nofollow&quot;:&quot;&quot;,&quot;custom_attributes&quot;:&quot;&quot;},&quot;premium_gallery_link_whole&quot;:&quot;yes&quot;,&quot;premium_gallery_lightbox_whole&quot;:&quot;yes&quot;,&quot;_id&quot;:&quot;def077c&quot;,&quot;premium_gallery_image_cell_laptop&quot;:{&quot;unit&quot;:&quot;px&quot;,&quot;size&quot;:&quot;&quot;,&quot;sizes&quot;:[]},&quot;premium_gallery_image_cell_tablet&quot;:{&quot;unit&quot;:&quot;px&quot;,&quot;size&quot;:&quot;&quot;,&quot;sizes&quot;:[]},&quot;premium_gallery_image_cell_mobile&quot;:{&quot;unit&quot;:&quot;px&quot;,&quot;size&quot;:&quot;&quot;,&quot;sizes&quot;:[]},&quot;premium_gallery_image_vcell_laptop&quot;:{&quot;unit&quot;:&quot;px&quot;,&quot;size&quot;:&quot;&quot;,&quot;sizes&quot;:[]},&quot;premium_gallery_image_vcell_tablet&quot;:{&quot;unit&quot;:&quot;px&quot;,&quot;size&quot;:&quot;&quot;,&quot;sizes&quot;:[]},&quot;premium_gallery_image_vcell_mobile&quot;:{&quot;unit&quot;:&quot;px&quot;,&quot;size&quot;:&quot;&quot;,&quot;sizes&quot;:[]},&quot;premium_gallery_video&quot;:&quot;&quot;,&quot;premium_gallery_video_type&quot;:null,&quot;premium_gallery_video_url&quot;:null,&quot;premium_gallery_video_self&quot;:null,&quot;premium_gallery_video_self_url&quot;:null,&quot;premium_gallery_video_controls&quot;:null,&quot;premium_gallery_video_mute&quot;:null,&quot;premium_gallery_video_loop&quot;:null,&quot;download_button&quot;:null,&quot;privacy_mode&quot;:null,&quot;premmium_gallery_img_info&quot;:&quot;&quot;,&quot;premium_gallery_img_link_type&quot;:&quot;url&quot;,&quot;premium_gallery_img_existing&quot;:null},{&quot;premium_gallery_img_name&quot;:&quot;La Pomme de Pin&quot;,&quot;premium_gallery_img_category&quot;:&quot;C\\u00f4te Ouest, bord de mer&quot;,&quot;premium_gallery_img&quot;:{&quot;url&quot;:&quot;https:\\\/\\\/natureetresidencevillage.com\\\/wp-content\\\/uploads\\\/2020\\\/01\\\/image-une-references-pomme-pin.jpg&quot;,&quot;id&quot;:2375,&quot;size&quot;:&quot;&quot;},&quot;premium_gallery_image_cell&quot;:{&quot;unit&quot;:&quot;px&quot;,&quot;size&quot;:3,&quot;sizes&quot;:[]},&quot;premium_gallery_image_vcell&quot;:{&quot;unit&quot;:&quot;px&quot;,&quot;size&quot;:2,&quot;sizes&quot;:[]},&quot;premium_gallery_img_desc&quot;:&quot;&lt;p class=\\&quot;cat-lieux\\&quot;&gt;C\\u00f4te Ouest&lt;\\\/p&gt;&lt;\\\/br&gt;\\n&quot;,&quot;premium_gallery_img_link&quot;:{&quot;url&quot;:&quot;https:\\\/\\\/natureetresidencevillage.com\\\/nos-references\\\/pomme-de-pin\\\/&quot;,&quot;is_external&quot;:&quot;&quot;,&quot;nofollow&quot;:&quot;&quot;,&quot;custom_attributes&quot;:&quot;&quot;},&quot;premium_gallery_link_whole&quot;:&quot;yes&quot;,&quot;premium_gallery_lightbox_whole&quot;:&quot;yes&quot;,&quot;_id&quot;:&quot;05750f2&quot;,&quot;premium_gallery_image_cell_laptop&quot;:{&quot;unit&quot;:&quot;px&quot;,&quot;size&quot;:&quot;&quot;,&quot;sizes&quot;:[]},&quot;premium_gallery_image_cell_tablet&quot;:{&quot;unit&quot;:&quot;px&quot;,&quot;size&quot;:&quot;&quot;,&quot;sizes&quot;:[]},&quot;premium_gallery_image_cell_mobile&quot;:{&quot;unit&quot;:&quot;px&quot;,&quot;size&quot;:&quot;&quot;,&quot;sizes&quot;:[]},&quot;premium_gallery_image_vcell_laptop&quot;:{&quot;unit&quot;:&quot;px&quot;,&quot;size&quot;:&quot;&quot;,&quot;sizes&quot;:[]},&quot;premium_gallery_image_vcell_tablet&quot;:{&quot;unit&quot;:&quot;px&quot;,&quot;size&quot;:&quot;&quot;,&quot;sizes&quot;:[]},&quot;premium_gallery_image_vcell_mobile&quot;:{&quot;unit&quot;:&quot;px&quot;,&quot;size&quot;:&quot;&quot;,&quot;sizes&quot;:[]},&quot;premium_gallery_video&quot;:&quot;&quot;,&quot;premium_gallery_video_type&quot;:null,&quot;premium_gallery_video_url&quot;:null,&quot;premium_gallery_video_self&quot;:null,&quot;premium_gallery_video_self_url&quot;:null,&quot;premium_gallery_video_controls&quot;:null,&quot;premium_gallery_video_mute&quot;:null,&quot;premium_gallery_video_loop&quot;:null,&quot;download_button&quot;:null,&quot;privacy_mode&quot;:null,&quot;premmium_gallery_img_info&quot;:&quot;&quot;,&quot;premium_gallery_img_link_type&quot;:&quot;url&quot;,&quot;premium_gallery_img_existing&quot;:null},{&quot;premium_gallery_img_name&quot;:&quot;casa Lehna&quot;,&quot;premium_gallery_img_category&quot;:&quot;C\\u00f4te Ouest, bord de mer&quot;,&quot;premium_gallery_img&quot;:{&quot;url&quot;:&quot;https:\\\/\\\/natureetresidencevillage.com\\\/wp-content\\\/uploads\\\/2020\\\/01\\\/image-une-references-casa-lehna.jpg&quot;,&quot;id&quot;:2371,&quot;size&quot;:&quot;&quot;},&quot;premium_gallery_image_cell&quot;:{&quot;unit&quot;:&quot;px&quot;,&quot;size&quot;:3,&quot;sizes&quot;:[]},&quot;premium_gallery_image_vcell&quot;:{&quot;unit&quot;:&quot;px&quot;,&quot;size&quot;:2,&quot;sizes&quot;:[]},&quot;premium_gallery_img_desc&quot;:&quot;&lt;p class=\\&quot;cat-lieux\\&quot;&gt;C\\u00f4te Ouest&lt;\\\/p&gt;&lt;\\\/br&gt;\\n&quot;,&quot;premium_gallery_img_link&quot;:{&quot;url&quot;:&quot;https:\\\/\\\/natureetresidencevillage.com\\\/nos-references\\\/casa-lenha\\\/&quot;,&quot;is_external&quot;:&quot;&quot;,&quot;nofollow&quot;:&quot;&quot;,&quot;custom_attributes&quot;:&quot;&quot;},&quot;premium_gallery_link_whole&quot;:&quot;yes&quot;,&quot;_id&quot;:&quot;3ac96f4&quot;,&quot;premium_gallery_image_cell_laptop&quot;:{&quot;unit&quot;:&quot;px&quot;,&quot;size&quot;:&quot;&quot;,&quot;sizes&quot;:[]},&quot;premium_gallery_image_cell_tablet&quot;:{&quot;unit&quot;:&quot;px&quot;,&quot;size&quot;:&quot;&quot;,&quot;sizes&quot;:[]},&quot;premium_gallery_image_cell_mobile&quot;:{&quot;unit&quot;:&quot;px&quot;,&quot;size&quot;:&quot;&quot;,&quot;sizes&quot;:[]},&quot;premium_gallery_image_vcell_laptop&quot;:{&quot;unit&quot;:&quot;px&quot;,&quot;size&quot;:&quot;&quot;,&quot;sizes&quot;:[]},&quot;premium_gallery_image_vcell_tablet&quot;:{&quot;unit&quot;:&quot;px&quot;,&quot;size&quot;:&quot;&quot;,&quot;sizes&quot;:[]},&quot;premium_gallery_image_vcell_mobile&quot;:{&quot;unit&quot;:&quot;px&quot;,&quot;size&quot;:&quot;&quot;,&quot;sizes&quot;:[]},&quot;premium_gallery_video&quot;:&quot;&quot;,&quot;premium_gallery_video_type&quot;:null,&quot;premium_gallery_video_url&quot;:null,&quot;premium_gallery_video_self&quot;:null,&quot;premium_gallery_video_self_url&quot;:null,&quot;premium_gallery_video_controls&quot;:null,&quot;premium_gallery_video_mute&quot;:null,&quot;premium_gallery_video_loop&quot;:null,&quot;download_button&quot;:null,&quot;privacy_mode&quot;:null,&quot;premmium_gallery_img_info&quot;:&quot;&quot;,&quot;premium_gallery_img_link_type&quot;:&quot;url&quot;,&quot;premium_gallery_img_existing&quot;:null,&quot;premium_gallery_lightbox_whole&quot;:&quot;&quot;},{&quot;premium_gallery_img_name&quot;:&quot;Le Clos d&#039;Arguins&quot;,&quot;premium_gallery_img_category&quot;:&quot;C\\u00f4te Ouest, bord de mer&quot;,&quot;premium_gallery_img&quot;:{&quot;url&quot;:&quot;https:\\\/\\\/natureetresidencevillage.com\\\/wp-content\\\/uploads\\\/2020\\\/01\\\/image-une-references-clos-arguins.jpg&quot;,&quot;id&quot;:2377,&quot;size&quot;:&quot;&quot;},&quot;premium_gallery_image_cell&quot;:{&quot;unit&quot;:&quot;px&quot;,&quot;size&quot;:3,&quot;sizes&quot;:[]},&quot;premium_gallery_image_vcell&quot;:{&quot;unit&quot;:&quot;px&quot;,&quot;size&quot;:2,&quot;sizes&quot;:[]},&quot;premium_gallery_img_desc&quot;:&quot;&lt;p class=\\&quot;cat-lieux\\&quot;&gt;C\\u00f4te Ouest&lt;\\\/p&gt;&lt;\\\/br&gt;&quot;,&quot;premium_gallery_img_link&quot;:{&quot;url&quot;:&quot;https:\\\/\\\/natureetresidencevillage.com\\\/nos-references\\\/le-clos-darguins\\\/&quot;,&quot;is_external&quot;:&quot;&quot;,&quot;nofollow&quot;:&quot;&quot;,&quot;custom_attributes&quot;:&quot;&quot;},&quot;premium_gallery_link_whole&quot;:&quot;yes&quot;,&quot;premium_gallery_lightbox_whole&quot;:&quot;yes&quot;,&quot;_id&quot;:&quot;140629e&quot;,&quot;premium_gallery_image_cell_laptop&quot;:{&quot;unit&quot;:&quot;px&quot;,&quot;size&quot;:&quot;&quot;,&quot;sizes&quot;:[]},&quot;premium_gallery_image_cell_tablet&quot;:{&quot;unit&quot;:&quot;px&quot;,&quot;size&quot;:&quot;&quot;,&quot;sizes&quot;:[]},&quot;premium_gallery_image_cell_mobile&quot;:{&quot;unit&quot;:&quot;px&quot;,&quot;size&quot;:&quot;&quot;,&quot;sizes&quot;:[]},&quot;premium_gallery_image_vcell_laptop&quot;:{&quot;unit&quot;:&quot;px&quot;,&quot;size&quot;:&quot;&quot;,&quot;sizes&quot;:[]},&quot;premium_gallery_image_vcell_tablet&quot;:{&quot;unit&quot;:&quot;px&quot;,&quot;size&quot;:&quot;&quot;,&quot;sizes&quot;:[]},&quot;premium_gallery_image_vcell_mobile&quot;:{&quot;unit&quot;:&quot;px&quot;,&quot;size&quot;:&quot;&quot;,&quot;sizes&quot;:[]},&quot;premium_gallery_video&quot;:&quot;&quot;,&quot;premium_gallery_video_type&quot;:null,&quot;premium_gallery_video_url&quot;:null,&quot;premium_gallery_video_self&quot;:null,&quot;premium_gallery_video_self_url&quot;:null,&quot;premium_gallery_video_controls&quot;:null,&quot;premium_gallery_video_mute&quot;:null,&quot;premium_gallery_video_loop&quot;:null,&quot;download_button&quot;:null,&quot;privacy_mode&quot;:null,&quot;premmium_gallery_img_info&quot;:&quot;&quot;,&quot;premium_gallery_img_link_type&quot;:&quot;url&quot;,&quot;premium_gallery_img_existing&quot;:null},{&quot;premium_gallery_img_name&quot;:&quot;Casa \\u00e8 Natura&quot;,&quot;premium_gallery_img_category&quot;:&quot;Mediterran\\u00e9e, bord de mer&quot;,&quot;_id&quot;:&quot;0283087&quot;,&quot;premium_gallery_img&quot;:{&quot;url&quot;:&quot;https:\\\/\\\/natureetresidencevillage.com\\\/wp-content\\\/uploads\\\/2020\\\/01\\\/image-une-references-casa-natura.jpg&quot;,&quot;id&quot;:2372,&quot;size&quot;:&quot;&quot;},&quot;premium_gallery_image_cell&quot;:{&quot;unit&quot;:&quot;px&quot;,&quot;size&quot;:3,&quot;sizes&quot;:[]},&quot;premium_gallery_image_vcell&quot;:{&quot;unit&quot;:&quot;px&quot;,&quot;size&quot;:2,&quot;sizes&quot;:[]},&quot;premium_gallery_img_desc&quot;:&quot;&lt;p class=\\&quot;cat-lieux\\&quot;&gt;Corse&lt;\\\/p&gt;&lt;\\\/br&gt;\\n&quot;,&quot;premium_gallery_img_link&quot;:{&quot;url&quot;:&quot;https:\\\/\\\/natureetresidencevillage.com\\\/nos-references\\\/casa-e-natura\\\/&quot;,&quot;is_external&quot;:&quot;&quot;,&quot;nofollow&quot;:&quot;&quot;,&quot;custom_attributes&quot;:&quot;&quot;},&quot;premium_gallery_link_whole&quot;:&quot;yes&quot;,&quot;premium_gallery_lightbox_whole&quot;:&quot;yes&quot;,&quot;premium_gallery_image_cell_laptop&quot;:{&quot;unit&quot;:&quot;px&quot;,&quot;size&quot;:&quot;&quot;,&quot;sizes&quot;:[]},&quot;premium_gallery_image_cell_tablet&quot;:{&quot;unit&quot;:&quot;px&quot;,&quot;size&quot;:&quot;&quot;,&quot;sizes&quot;:[]},&quot;premium_gallery_image_cell_mobile&quot;:{&quot;unit&quot;:&quot;px&quot;,&quot;size&quot;:&quot;&quot;,&quot;sizes&quot;:[]},&quot;premium_gallery_image_vcell_laptop&quot;:{&quot;unit&quot;:&quot;px&quot;,&quot;size&quot;:&quot;&quot;,&quot;sizes&quot;:[]},&quot;premium_gallery_image_vcell_tablet&quot;:{&quot;unit&quot;:&quot;px&quot;,&quot;size&quot;:&quot;&quot;,&quot;sizes&quot;:[]},&quot;premium_gallery_image_vcell_mobile&quot;:{&quot;unit&quot;:&quot;px&quot;,&quot;size&quot;:&quot;&quot;,&quot;sizes&quot;:[]},&quot;premium_gallery_video&quot;:&quot;&quot;,&quot;premium_gallery_video_type&quot;:null,&quot;premium_gallery_video_url&quot;:null,&quot;premium_gallery_video_self&quot;:null,&quot;premium_gallery_video_self_url&quot;:null,&quot;premium_gallery_video_controls&quot;:null,&quot;premium_gallery_video_mute&quot;:null,&quot;premium_gallery_video_loop&quot;:null,&quot;download_button&quot;:null,&quot;privacy_mode&quot;:null,&quot;premmium_gallery_img_info&quot;:&quot;&quot;,&quot;premium_gallery_img_link_type&quot;:&quot;url&quot;,&quot;premium_gallery_img_existing&quot;:null}]}\" data-widget_type=\"premium-img-gallery.default\">\n\t\t\t\t<div class=\"elementor-widget-container\">\n\t\t\t\t\t\n\t<div class=\"premium-img-gallery-no-lightbox elementor-invisible premium-img-gallery premium-img-gallery-fitRows zoomin premium-gallery-icon-show\" id=\"premium-img-gallery-96fd5bc\">\n\t\t\n\t\t<div class=\"premium-img-gallery-filter\">\n\t\t\t<ul class=\"premium-gallery-cats-container\">\n\t\t\t\t\t\t\t\t\t<li>\n\t\t\t\t\t\t<a href=\"javascript:;\" class=\"category active\" data-filter=\"*\">\n\t\t\t\t\t\t\tTOUS LES PROGRAMMES r\u00e9alis\u00e9s\t\t\t\t\t\t<\/a>\n\t\t\t\t\t<\/li>\n\t\t\t\t\t\t\t\t\t\t\t<li>\n\t\t\t\t\t\t\t<a href=\"javascript:;\" class=\"category elementor-repeater-item-045b83a \" data-filter=\".bretagne\">\n\t\t\t\t\t\t\t\tBretagne\t\t\t\t\t\t\t<\/a>\n\t\t\t\t\t\t<\/li>\n\t\t\t\t\t\t\t\t\t\t\t\t<li>\n\t\t\t\t\t\t\t<a href=\"javascript:;\" class=\"category elementor-repeater-item-6de326a \" data-filter=\".c\u00f4te-ouest\">\n\t\t\t\t\t\t\t\tC\u00f4te Ouest\t\t\t\t\t\t\t<\/a>\n\t\t\t\t\t\t<\/li>\n\t\t\t\t\t\t\t\t\t\t\t\t<li>\n\t\t\t\t\t\t\t<a href=\"javascript:;\" class=\"category elementor-repeater-item-ed7217c \" data-filter=\".loire-atlantique\">\n\t\t\t\t\t\t\t\tLoire-Atlantique\t\t\t\t\t\t\t<\/a>\n\t\t\t\t\t\t<\/li>\n\t\t\t\t\t\t\t\t\t\t\t\t<li>\n\t\t\t\t\t\t\t<a href=\"javascript:;\" class=\"category elementor-repeater-item-3512518 \" data-filter=\".mediterran\u00e9e\">\n\t\t\t\t\t\t\t\tMediterran\u00e9e\t\t\t\t\t\t\t<\/a>\n\t\t\t\t\t\t<\/li>\n\t\t\t\t\t\t\t\t\t\t\t\t<li>\n\t\t\t\t\t\t\t<a href=\"javascript:;\" class=\"category elementor-repeater-item-a796d93 \" data-filter=\".\/\/\">\n\t\t\t\t\t\t\t\t\/\/\t\t\t\t\t\t\t<\/a>\n\t\t\t\t\t\t<\/li>\n\t\t\t\t\t\t\t\t\t\t\t\t<li>\n\t\t\t\t\t\t\t<a href=\"javascript:;\" class=\"category elementor-repeater-item-9d1d1a2 \" data-filter=\".bord-de-mer\">\n\t\t\t\t\t\t\t\tBord de mer\t\t\t\t\t\t\t<\/a>\n\t\t\t\t\t\t<\/li>\n\t\t\t\t\t\t\t\t\t\t\t\t<li>\n\t\t\t\t\t\t\t<a href=\"javascript:;\" class=\"category elementor-repeater-item-57d0f35 \" data-filter=\".\/\/\">\n\t\t\t\t\t\t\t\t\/\/\t\t\t\t\t\t\t<\/a>\n\t\t\t\t\t\t<\/li>\n\t\t\t\t\t\t\t\t\t\t\t\t<li>\n\t\t\t\t\t\t\t<a href=\"javascript:;\" class=\"category elementor-repeater-item-a3020b7 \" data-filter=\".campagne\">\n\t\t\t\t\t\t\t\tCampagne\t\t\t\t\t\t\t<\/a>\n\t\t\t\t\t\t<\/li>\n\t\t\t\t\t\t\t\t\t\t\t\t<li>\n\t\t\t\t\t\t\t<a href=\"javascript:;\" class=\"category elementor-repeater-item-ec1ca1a \" data-filter=\".\/\/\">\n\t\t\t\t\t\t\t\t\/\/\t\t\t\t\t\t\t<\/a>\n\t\t\t\t\t\t<\/li>\n\t\t\t\t\t\t\t\t\t\t\t\t<li>\n\t\t\t\t\t\t\t<a href=\"javascript:;\" class=\"category elementor-repeater-item-66a405e \" data-filter=\".montagne\">\n\t\t\t\t\t\t\t\tMontagne\t\t\t\t\t\t\t<\/a>\n\t\t\t\t\t\t<\/li>\n\t\t\t\t\t\t\t\t\t<\/ul>\n\t\t<\/div>\n\n\t\t\n\t\t<div class=\"premium-gallery-container\" data-settings=\"{&quot;img_size&quot;:&quot;fitRows&quot;,&quot;filter&quot;:&quot;yes&quot;,&quot;theme&quot;:null,&quot;active_cat&quot;:&quot;*&quot;,&quot;ltr_mode&quot;:true,&quot;shuffle&quot;:false,&quot;sort_by&quot;:&quot;original-order&quot;,&quot;skin&quot;:&quot;style3&quot;,&quot;flag&quot;:&quot;cat&quot;}\">\n\n\t\t\t\t\t\t\t<div class=\"premium-gallery-item elementor-repeater-item-786c639 bord-de-mer c\u00f4te-ouest\">\n\t\t\t\t<div class=\"pa-gallery-img style3\" onclick=\"\">\n\t\t\t\t\t<div class=\"pa-gallery-img-container\">\n\t\t\t\t\t\t\t\t<img fetchpriority=\"high\" decoding=\"async\" width=\"768\" height=\"500\" src=\"https:\/\/natureetresidencevillage.com\/wp-content\/uploads\/2021\/05\/plage-surf-famille-landes-saubrigues-vignettes.jpg\" class=\"attachment-medium_large size-medium_large wp-image-5564\" alt=\"\" srcset=\"https:\/\/natureetresidencevillage.com\/wp-content\/uploads\/2021\/05\/plage-surf-famille-landes-saubrigues-vignettes.jpg 768w, https:\/\/natureetresidencevillage.com\/wp-content\/uploads\/2021\/05\/plage-surf-famille-landes-saubrigues-vignettes-300x195.jpg 300w, https:\/\/natureetresidencevillage.com\/wp-content\/uploads\/2021\/05\/plage-surf-famille-landes-saubrigues-vignettes-16x10.jpg 16w\" sizes=\"(max-width: 768px) 100vw, 768px\" \/>\t\t\t\t\t\t\t\t\t<div class=\"pa-gallery-icons-wrapper\">\n\t\t\t\t\t\t\t\t<div class=\"pa-gallery-icons-inner-container\">\n\t\t\t\t\t\t\t\t\t\t\t\t\t\t\t\t\t<\/div>\n\t\t\t\t\t\t\t<\/div>\n\t\t\t\t\t\t\t\t\t\t\t<\/div>\n\t\t\t\t\t\t\t\t<div class=\"premium-gallery-caption\">\n\n\t\t\t\t\t\t\t\t\t<span class=\"premium-gallery-img-name\">Las casas de las Lanas <\/span>\n\t\t\t\t\t\t\t\t\t\t<p class=\"premium-gallery-img-desc\"><p class=\"cat-lieux\">Saubrigues - C\u00d4TE LANDAISE<\/p><\/br>\n\n <\/p>\n\t\t\t\t\n\t\t\t<\/div>\n\t\t\t\t\t\t\t\t\t\t<a class=\"pa-gallery-whole-link\" href=\"https:\/\/natureetresidencevillage.com\/nos-references\/prl-las-casas-de-las-lanas\/\">\n\t\t\t\t\t\t\t\t<span>\n\t\t\t\t\t\t\t\t\tLas casas de las Lanas \t\t\t\t\t\t\t\t<\/span>\n\t\t\t\t\t\t\t<\/a>\n\t\t\t\t\t\t\t\t\t\t\t<\/div>\n\t\t\t<\/div>\n\t\t\t\t\t\t\t<div class=\"premium-gallery-item elementor-repeater-item-dd5b7ce finist\u00e8re campagne bretagne\">\n\t\t\t\t<div class=\"pa-gallery-img style3\" onclick=\"\">\n\t\t\t\t\t<div class=\"pa-gallery-img-container\">\n\t\t\t\t\t\t\t\t<img decoding=\"async\" width=\"768\" height=\"500\" src=\"https:\/\/natureetresidencevillage.com\/wp-content\/uploads\/2020\/07\/COAT-MOR_768x500px-1-768x500.jpg\" class=\"attachment-medium_large size-medium_large wp-image-4342\" alt=\"\" srcset=\"https:\/\/natureetresidencevillage.com\/wp-content\/uploads\/2020\/07\/COAT-MOR_768x500px-1-768x500.jpg 768w, https:\/\/natureetresidencevillage.com\/wp-content\/uploads\/2020\/07\/COAT-MOR_768x500px-1-300x195.jpg 300w, https:\/\/natureetresidencevillage.com\/wp-content\/uploads\/2020\/07\/COAT-MOR_768x500px-1.jpg 1024w\" sizes=\"(max-width: 768px) 100vw, 768px\" \/>\t\t\t\t\t\t\t\t\t<div class=\"pa-gallery-icons-wrapper\">\n\t\t\t\t\t\t\t\t<div class=\"pa-gallery-icons-inner-container\">\n\t\t\t\t\t\t\t\t\t\t\t\t\t\t\t\t\t<\/div>\n\t\t\t\t\t\t\t<\/div>\n\t\t\t\t\t\t\t\t\t\t\t<\/div>\n\t\t\t\t\t\t\t\t<div class=\"premium-gallery-caption\">\n\n\t\t\t\t\t\t\t\t\t<span class=\"premium-gallery-img-name\">Le domaine de Coat Mor<\/span>\n\t\t\t\t\t\t\t\t\t\t<p class=\"premium-gallery-img-desc\"><p class=\"cat-lieux\">Pont L\u2019Abbe\u0301 - Finist\u00e8re<\/p><\/p>\n\t\t\t\t\n\t\t\t<\/div>\n\t\t\t\t\t\t\t\t\t\t<a class=\"pa-gallery-whole-link\" href=\"\/nos-references\/domaine-coat-mor\/\">\n\t\t\t\t\t\t\t\t<span>\n\t\t\t\t\t\t\t\t\tLe domaine de Coat Mor\t\t\t\t\t\t\t\t<\/span>\n\t\t\t\t\t\t\t<\/a>\n\t\t\t\t\t\t\t\t\t\t\t<\/div>\n\t\t\t<\/div>\n\t\t\t\t\t\t\t<div class=\"premium-gallery-item elementor-repeater-item-d85e696 finist\u00e8re campagne bretagne\">\n\t\t\t\t<div class=\"pa-gallery-img style3\" onclick=\"\">\n\t\t\t\t\t<div class=\"pa-gallery-img-container\">\n\t\t\t\t\t\t\t\t<img decoding=\"async\" width=\"768\" height=\"500\" src=\"https:\/\/natureetresidencevillage.com\/wp-content\/uploads\/2020\/04\/vignette-clos-gascogne-768x500.jpg\" class=\"attachment-medium_large size-medium_large wp-image-4079\" alt=\"\" srcset=\"https:\/\/natureetresidencevillage.com\/wp-content\/uploads\/2020\/04\/vignette-clos-gascogne.jpg 768w, https:\/\/natureetresidencevillage.com\/wp-content\/uploads\/2020\/04\/vignette-clos-gascogne-300x195.jpg 300w\" sizes=\"(max-width: 768px) 100vw, 768px\" \/>\t\t\t\t\t\t\t\t\t<div class=\"pa-gallery-icons-wrapper\">\n\t\t\t\t\t\t\t\t<div class=\"pa-gallery-icons-inner-container\">\n\t\t\t\t\t\t\t\t\t\t\t\t\t\t\t\t\t<\/div>\n\t\t\t\t\t\t\t<\/div>\n\t\t\t\t\t\t\t\t\t\t\t<\/div>\n\t\t\t\t\t\t\t\t<div class=\"premium-gallery-caption\">\n\n\t\t\t\t\t\t\t\t\t<span class=\"premium-gallery-img-name\">Les Clos de Gascogne<\/span>\n\t\t\t\t\t\t\t\t\t\t<p class=\"premium-gallery-img-desc\"><p class=\"cat-lieux\">Labouheyre - C\u00f4te Ouest<\/p><\/br>\n<\/p>\n\t\t\t\t\n\t\t\t<\/div>\n\t\t\t\t\t\t\t\t\t\t<a class=\"pa-gallery-whole-link\" href=\"https:\/\/natureetresidencevillage.com\/nos-references\/prl-clos-gascogne\/\">\n\t\t\t\t\t\t\t\t<span>\n\t\t\t\t\t\t\t\t\tLes Clos de Gascogne\t\t\t\t\t\t\t\t<\/span>\n\t\t\t\t\t\t\t<\/a>\n\t\t\t\t\t\t\t\t\t\t\t<\/div>\n\t\t\t<\/div>\n\t\t\t\t\t\t\t<div class=\"premium-gallery-item elementor-repeater-item-3bcad40 montagne\">\n\t\t\t\t<div class=\"pa-gallery-img style3\" onclick=\"\">\n\t\t\t\t\t<div class=\"pa-gallery-img-container\">\n\t\t\t\t\t\t\t\t<img loading=\"lazy\" decoding=\"async\" width=\"768\" height=\"500\" src=\"https:\/\/natureetresidencevillage.com\/wp-content\/uploads\/2020\/07\/LE-CLOS-NAPOLEON_768x500px-768x500.jpg\" class=\"attachment-medium_large size-medium_large wp-image-4349\" alt=\"\" srcset=\"https:\/\/natureetresidencevillage.com\/wp-content\/uploads\/2020\/07\/LE-CLOS-NAPOLEON_768x500px-768x500.jpg 768w, https:\/\/natureetresidencevillage.com\/wp-content\/uploads\/2020\/07\/LE-CLOS-NAPOLEON_768x500px-300x195.jpg 300w, https:\/\/natureetresidencevillage.com\/wp-content\/uploads\/2020\/07\/LE-CLOS-NAPOLEON_768x500px.jpg 1024w\" sizes=\"(max-width: 768px) 100vw, 768px\" \/>\t\t\t\t\t\t\t\t\t<div class=\"pa-gallery-icons-wrapper\">\n\t\t\t\t\t\t\t\t<div class=\"pa-gallery-icons-inner-container\">\n\t\t\t\t\t\t\t\t\t\t\t\t\t\t\t\t\t<\/div>\n\t\t\t\t\t\t\t<\/div>\n\t\t\t\t\t\t\t\t\t\t\t<\/div>\n\t\t\t\t\t\t\t\t<div class=\"premium-gallery-caption\">\n\n\t\t\t\t\t\t\t\t\t<span class=\"premium-gallery-img-name\">Les Clos Napol\u00e9on<\/span>\n\t\t\t\t\t\t\t\t\t\t<p class=\"premium-gallery-img-desc\"><p class=\"cat-lieux\">Gap - Alpes<\/p><\/p>\n\t\t\t\t\n\t\t\t<\/div>\n\t\t\t\t\t\t\t\t\t\t<a class=\"pa-gallery-whole-link\" href=\"https:\/\/natureetresidencevillage.com\/en\/nos-references\/prl-clos-napoleon\/\">\n\t\t\t\t\t\t\t\t<span>\n\t\t\t\t\t\t\t\t\tLes Clos Napol\u00e9on\t\t\t\t\t\t\t\t<\/span>\n\t\t\t\t\t\t\t<\/a>\n\t\t\t\t\t\t\t\t\t\t\t<\/div>\n\t\t\t<\/div>\n\t\t\t\t\t\t\t<div class=\"premium-gallery-item elementor-repeater-item-d2a85d3 bretagne bord-de-mer\">\n\t\t\t\t<div class=\"pa-gallery-img style3\" onclick=\"\">\n\t\t\t\t\t<div class=\"pa-gallery-img-container\">\n\t\t\t\t\t\t\t\t<img loading=\"lazy\" decoding=\"async\" width=\"376\" height=\"245\" src=\"https:\/\/natureetresidencevillage.com\/wp-content\/uploads\/2021\/07\/oree-arzal.jpg\" class=\"attachment-medium_large size-medium_large wp-image-6733\" alt=\"oree arzal\" srcset=\"https:\/\/natureetresidencevillage.com\/wp-content\/uploads\/2021\/07\/oree-arzal.jpg 376w, https:\/\/natureetresidencevillage.com\/wp-content\/uploads\/2021\/07\/oree-arzal-300x195.jpg 300w, https:\/\/natureetresidencevillage.com\/wp-content\/uploads\/2021\/07\/oree-arzal-16x10.jpg 16w\" sizes=\"(max-width: 376px) 100vw, 376px\" \/>\t\t\t\t\t\t\t\t\t<div class=\"pa-gallery-icons-wrapper\">\n\t\t\t\t\t\t\t\t<div class=\"pa-gallery-icons-inner-container\">\n\t\t\t\t\t\t\t\t\t\t\t\t\t\t\t\t\t<\/div>\n\t\t\t\t\t\t\t<\/div>\n\t\t\t\t\t\t\t\t\t\t\t<\/div>\n\t\t\t\t\t\t\t\t<div class=\"premium-gallery-caption\">\n\n\t\t\t\t\t\t\t\t\t<span class=\"premium-gallery-img-name\">L'Or\u00e9e d'Arzal<\/span>\n\t\t\t\t\t\t\t\t\t\t<p class=\"premium-gallery-img-desc\"><p class=\"cat-lieux\">Port d'Arzal - Bretagne<\/p><\/br>\n<\/p>\n\t\t\t\t\n\t\t\t<\/div>\n\t\t\t\t\t\t\t\t\t\t<a class=\"pa-gallery-whole-link\" href=\"https:\/\/natureetresidencevillage.com\/nos-references\/loree-darzal\/\">\n\t\t\t\t\t\t\t\t<span>\n\t\t\t\t\t\t\t\t\tL'Or\u00e9e d'Arzal\t\t\t\t\t\t\t\t<\/span>\n\t\t\t\t\t\t\t<\/a>\n\t\t\t\t\t\t\t\t\t\t\t<\/div>\n\t\t\t<\/div>\n\t\t\t\t\t\t\t<div class=\"premium-gallery-item elementor-repeater-item-e2a2382 mediterran\u00e9e bord-de-mer\">\n\t\t\t\t<div class=\"pa-gallery-img style3\" onclick=\"\">\n\t\t\t\t\t<div class=\"pa-gallery-img-container\">\n\t\t\t\t\t\t\t\t<img loading=\"lazy\" decoding=\"async\" width=\"768\" height=\"512\" src=\"https:\/\/natureetresidencevillage.com\/wp-content\/uploads\/2020\/08\/LA_GRENATIERE_-_Marseillan-1453-copie-768x512.jpg\" class=\"attachment-medium_large size-medium_large wp-image-4416\" alt=\"\" srcset=\"https:\/\/natureetresidencevillage.com\/wp-content\/uploads\/2020\/08\/LA_GRENATIERE_-_Marseillan-1453-copie-768x512.jpg 768w, https:\/\/natureetresidencevillage.com\/wp-content\/uploads\/2020\/08\/LA_GRENATIERE_-_Marseillan-1453-copie-300x200.jpg 300w, https:\/\/natureetresidencevillage.com\/wp-content\/uploads\/2020\/08\/LA_GRENATIERE_-_Marseillan-1453-copie-1024x683.jpg 1024w, https:\/\/natureetresidencevillage.com\/wp-content\/uploads\/2020\/08\/LA_GRENATIERE_-_Marseillan-1453-copie.jpg 2000w\" sizes=\"(max-width: 768px) 100vw, 768px\" \/>\t\t\t\t\t\t\t\t\t<div class=\"pa-gallery-icons-wrapper\">\n\t\t\t\t\t\t\t\t<div class=\"pa-gallery-icons-inner-container\">\n\t\t\t\t\t\t\t\t\t\t\t\t\t\t\t\t\t<\/div>\n\t\t\t\t\t\t\t<\/div>\n\t\t\t\t\t\t\t\t\t\t\t<\/div>\n\t\t\t\t\t\t\t\t<div class=\"premium-gallery-caption\">\n\n\t\t\t\t\t\t\t\t\t<span class=\"premium-gallery-img-name\">le Domaine de la Grenati\u00e8re<\/span>\n\t\t\t\t\t\t\t\t\t\t<p class=\"premium-gallery-img-desc\"><p class=\"cat-lieux\">Marseillan - M\u00e9diterran\u00e9e<\/p><\/br>\n<\/p>\n\t\t\t\t\n\t\t\t<\/div>\n\t\t\t\t\t\t\t\t\t\t<a class=\"pa-gallery-whole-link\" href=\"\/nos-references\/domaine-grenatiere\/\">\n\t\t\t\t\t\t\t\t<span>\n\t\t\t\t\t\t\t\t\tle Domaine de la Grenati\u00e8re\t\t\t\t\t\t\t\t<\/span>\n\t\t\t\t\t\t\t<\/a>\n\t\t\t\t\t\t\t\t\t\t\t<\/div>\n\t\t\t<\/div>\n\t\t\t\t\t\t\t<div class=\"premium-gallery-item elementor-repeater-item-ddb9cac loire-atlantique bord-de-mer\">\n\t\t\t\t<div class=\"pa-gallery-img style3\" onclick=\"\">\n\t\t\t\t\t<div class=\"pa-gallery-img-container\">\n\t\t\t\t\t\t\t\t<img loading=\"lazy\" decoding=\"async\" width=\"768\" height=\"432\" src=\"https:\/\/natureetresidencevillage.com\/wp-content\/uploads\/2020\/08\/LES-COTTAGES-DE-LA-BAULE_Marais-salants_2MO-768x432.jpg\" class=\"attachment-medium_large size-medium_large wp-image-4473\" alt=\"\" srcset=\"https:\/\/natureetresidencevillage.com\/wp-content\/uploads\/2020\/08\/LES-COTTAGES-DE-LA-BAULE_Marais-salants_2MO-768x432.jpg 768w, https:\/\/natureetresidencevillage.com\/wp-content\/uploads\/2020\/08\/LES-COTTAGES-DE-LA-BAULE_Marais-salants_2MO-300x169.jpg 300w, https:\/\/natureetresidencevillage.com\/wp-content\/uploads\/2020\/08\/LES-COTTAGES-DE-LA-BAULE_Marais-salants_2MO-1024x576.jpg 1024w, https:\/\/natureetresidencevillage.com\/wp-content\/uploads\/2020\/08\/LES-COTTAGES-DE-LA-BAULE_Marais-salants_2MO.jpg 2000w\" sizes=\"(max-width: 768px) 100vw, 768px\" \/>\t\t\t\t\t\t\t\t\t<div class=\"pa-gallery-icons-wrapper\">\n\t\t\t\t\t\t\t\t<div class=\"pa-gallery-icons-inner-container\">\n\t\t\t\t\t\t\t\t\t\t\t\t\t\t\t\t\t<\/div>\n\t\t\t\t\t\t\t<\/div>\n\t\t\t\t\t\t\t\t\t\t\t<\/div>\n\t\t\t\t\t\t\t\t<div class=\"premium-gallery-caption\">\n\n\t\t\t\t\t\t\t\t\t<span class=\"premium-gallery-img-name\">Les Cottages de La Baule<\/span>\n\t\t\t\t\t\t\t\t\t\t<p class=\"premium-gallery-img-desc\"><p class=\"cat-lieux\">La Baule - Loire Atlantique<\/p><\/br>\n<\/p>\n\t\t\t\t\n\t\t\t<\/div>\n\t\t\t\t\t\t\t\t\t\t<a class=\"pa-gallery-whole-link\" href=\"\/nos-references\/prl-baule-tremondec\/\">\n\t\t\t\t\t\t\t\t<span>\n\t\t\t\t\t\t\t\t\tLes Cottages de La Baule\t\t\t\t\t\t\t\t<\/span>\n\t\t\t\t\t\t\t<\/a>\n\t\t\t\t\t\t\t\t\t\t\t<\/div>\n\t\t\t<\/div>\n\t\t\t\t\t\t\t<div class=\"premium-gallery-item elementor-repeater-item-989f32f bretagne bord-de-mer\">\n\t\t\t\t<div class=\"pa-gallery-img style3\" onclick=\"\">\n\t\t\t\t\t<div class=\"pa-gallery-img-container\">\n\t\t\t\t\t\t\t\t<img loading=\"lazy\" decoding=\"async\" width=\"768\" height=\"500\" src=\"https:\/\/natureetresidencevillage.com\/wp-content\/uploads\/2020\/01\/image-une-references-marines-arzal-768x500.jpg\" class=\"attachment-medium_large size-medium_large wp-image-2374\" alt=\"Image \u00e0 la une Les Marines d&#039;Arzal\" srcset=\"https:\/\/natureetresidencevillage.com\/wp-content\/uploads\/2020\/01\/image-une-references-marines-arzal.jpg 768w, https:\/\/natureetresidencevillage.com\/wp-content\/uploads\/2020\/01\/image-une-references-marines-arzal-300x195.jpg 300w\" sizes=\"(max-width: 768px) 100vw, 768px\" \/>\t\t\t\t\t\t\t\t\t<div class=\"pa-gallery-icons-wrapper\">\n\t\t\t\t\t\t\t\t<div class=\"pa-gallery-icons-inner-container\">\n\t\t\t\t\t\t\t\t\t\t\t\t\t\t\t\t\t<\/div>\n\t\t\t\t\t\t\t<\/div>\n\t\t\t\t\t\t\t\t\t\t\t<\/div>\n\t\t\t\t\t\t\t\t<div class=\"premium-gallery-caption\">\n\n\t\t\t\t\t\t\t\t\t<span class=\"premium-gallery-img-name\">Les Marines d'Arzal<\/span>\n\t\t\t\t\t\t\t\t\t\t<p class=\"premium-gallery-img-desc\"><p class=\"cat-lieux\">Bretagne<\/p><\/br>\n<\/p>\n\t\t\t\t\n\t\t\t<\/div>\n\t\t\t\t\t\t\t\t\t\t<a class=\"pa-gallery-whole-link\" href=\"https:\/\/natureetresidencevillage.com\/nos-references\/les-marines-darzal\/\">\n\t\t\t\t\t\t\t\t<span>\n\t\t\t\t\t\t\t\t\tLes Marines d'Arzal\t\t\t\t\t\t\t\t<\/span>\n\t\t\t\t\t\t\t<\/a>\n\t\t\t\t\t\t\t\t\t\t\t<\/div>\n\t\t\t<\/div>\n\t\t\t\t\t\t\t<div class=\"premium-gallery-item elementor-repeater-item-fb78cc2 c\u00f4te-ouest bord-de-mer\">\n\t\t\t\t<div class=\"pa-gallery-img style3\" onclick=\"\">\n\t\t\t\t\t<div class=\"pa-gallery-img-container\">\n\t\t\t\t\t\t\t\t<img loading=\"lazy\" decoding=\"async\" width=\"768\" height=\"500\" src=\"https:\/\/natureetresidencevillage.com\/wp-content\/uploads\/2020\/01\/image-une-references-lespecier-768x500.jpg\" class=\"attachment-medium_large size-medium_large wp-image-2373\" alt=\"Image \u00e0 la une Domaine de Lespecier\" srcset=\"https:\/\/natureetresidencevillage.com\/wp-content\/uploads\/2020\/01\/image-une-references-lespecier.jpg 768w, https:\/\/natureetresidencevillage.com\/wp-content\/uploads\/2020\/01\/image-une-references-lespecier-300x195.jpg 300w\" sizes=\"(max-width: 768px) 100vw, 768px\" \/>\t\t\t\t\t\t\t\t\t<div class=\"pa-gallery-icons-wrapper\">\n\t\t\t\t\t\t\t\t<div class=\"pa-gallery-icons-inner-container\">\n\t\t\t\t\t\t\t\t\t\t\t\t\t\t\t\t\t<\/div>\n\t\t\t\t\t\t\t<\/div>\n\t\t\t\t\t\t\t\t\t\t\t<\/div>\n\t\t\t\t\t\t\t\t<div class=\"premium-gallery-caption\">\n\n\t\t\t\t\t\t\t\t\t<span class=\"premium-gallery-img-name\">Domaine R\u00e9sidentiel de Lespecier<\/span>\n\t\t\t\t\t\t\t\t\t\t<p class=\"premium-gallery-img-desc\"><p class=\"cat-lieux\">C\u00f4te Ouest<\/p><\/br>\n<\/p>\n\t\t\t\t\n\t\t\t<\/div>\n\t\t\t\t\t\t\t\t\t\t<a class=\"pa-gallery-whole-link\" href=\"https:\/\/natureetresidencevillage.com\/nos-references\/le-domaine-de-lespecier\/\">\n\t\t\t\t\t\t\t\t<span>\n\t\t\t\t\t\t\t\t\tDomaine R\u00e9sidentiel de Lespecier\t\t\t\t\t\t\t\t<\/span>\n\t\t\t\t\t\t\t<\/a>\n\t\t\t\t\t\t\t\t\t\t\t<\/div>\n\t\t\t<\/div>\n\t\t\t\t\t\t\t<div class=\"premium-gallery-item elementor-repeater-item-51a77c7 c\u00f4te-ouest bord-de-mer\">\n\t\t\t\t<div class=\"pa-gallery-img style3\" onclick=\"\">\n\t\t\t\t\t<div class=\"pa-gallery-img-container\">\n\t\t\t\t\t\t\t\t<img loading=\"lazy\" decoding=\"async\" width=\"768\" height=\"500\" src=\"https:\/\/natureetresidencevillage.com\/wp-content\/uploads\/2020\/01\/image-une-references-frouas-768x500.jpg\" class=\"attachment-medium_large size-medium_large wp-image-2378\" alt=\"Image \u00e0 la une Domaine Airial de Frouas\" srcset=\"https:\/\/natureetresidencevillage.com\/wp-content\/uploads\/2020\/01\/image-une-references-frouas.jpg 768w, https:\/\/natureetresidencevillage.com\/wp-content\/uploads\/2020\/01\/image-une-references-frouas-300x195.jpg 300w\" sizes=\"(max-width: 768px) 100vw, 768px\" \/>\t\t\t\t\t\t\t\t\t<div class=\"pa-gallery-icons-wrapper\">\n\t\t\t\t\t\t\t\t<div class=\"pa-gallery-icons-inner-container\">\n\t\t\t\t\t\t\t\t\t\t\t\t\t\t\t\t\t<\/div>\n\t\t\t\t\t\t\t<\/div>\n\t\t\t\t\t\t\t\t\t\t\t<\/div>\n\t\t\t\t\t\t\t\t<div class=\"premium-gallery-caption\">\n\n\t\t\t\t\t\t\t\t\t<span class=\"premium-gallery-img-name\">R\u00e9sidence l'Airial de Frouas<\/span>\n\t\t\t\t\t\t\t\t\t\t<p class=\"premium-gallery-img-desc\"><p class=\"cat-lieux\">C\u00f4te Ouest<\/p><\/br>\n<\/p>\n\t\t\t\t\n\t\t\t<\/div>\n\t\t\t\t\t\t\t\t\t\t<a class=\"pa-gallery-whole-link\" href=\"https:\/\/natureetresidencevillage.com\/nos-references\/lairial-de-frouas\/\">\n\t\t\t\t\t\t\t\t<span>\n\t\t\t\t\t\t\t\t\tR\u00e9sidence l'Airial de Frouas\t\t\t\t\t\t\t\t<\/span>\n\t\t\t\t\t\t\t<\/a>\n\t\t\t\t\t\t\t\t\t\t\t<\/div>\n\t\t\t<\/div>\n\t\t\t\t\t\t\t<div class=\"premium-gallery-item elementor-repeater-item-110319e c\u00f4te-ouest bord-de-mer\">\n\t\t\t\t<div class=\"pa-gallery-img style3\" onclick=\"\">\n\t\t\t\t\t<div class=\"pa-gallery-img-container\">\n\t\t\t\t\t\t\t\t<img loading=\"lazy\" decoding=\"async\" width=\"768\" height=\"500\" src=\"https:\/\/natureetresidencevillage.com\/wp-content\/uploads\/2020\/01\/image-une-references-pinede-768x500.jpg\" class=\"attachment-medium_large size-medium_large wp-image-2379\" alt=\"Image \u00e0 la une Domaine de la Pinede\" srcset=\"https:\/\/natureetresidencevillage.com\/wp-content\/uploads\/2020\/01\/image-une-references-pinede.jpg 768w, https:\/\/natureetresidencevillage.com\/wp-content\/uploads\/2020\/01\/image-une-references-pinede-300x195.jpg 300w\" sizes=\"(max-width: 768px) 100vw, 768px\" \/>\t\t\t\t\t\t\t\t\t<div class=\"pa-gallery-icons-wrapper\">\n\t\t\t\t\t\t\t\t<div class=\"pa-gallery-icons-inner-container\">\n\t\t\t\t\t\t\t\t\t\t\t\t\t\t\t\t\t<\/div>\n\t\t\t\t\t\t\t<\/div>\n\t\t\t\t\t\t\t\t\t\t\t<\/div>\n\t\t\t\t\t\t\t\t<div class=\"premium-gallery-caption\">\n\n\t\t\t\t\t\t\t\t\t<span class=\"premium-gallery-img-name\">Les Cottages de la Pin\u00e8de<\/span>\n\t\t\t\t\t\t\t\t\t\t<p class=\"premium-gallery-img-desc\"><p class=\"cat-lieux\">C\u00f4te Ouest<\/p><\/br>\n<\/p>\n\t\t\t\t\n\t\t\t<\/div>\n\t\t\t\t\t\t\t\t\t\t<a class=\"pa-gallery-whole-link\" href=\"https:\/\/natureetresidencevillage.com\/nos-references\/cottages-de-la-pinede\/\">\n\t\t\t\t\t\t\t\t<span>\n\t\t\t\t\t\t\t\t\tLes Cottages de la Pin\u00e8de\t\t\t\t\t\t\t\t<\/span>\n\t\t\t\t\t\t\t<\/a>\n\t\t\t\t\t\t\t\t\t\t\t<\/div>\n\t\t\t<\/div>\n\t\t\t\t\t\t\t<div class=\"premium-gallery-item elementor-repeater-item-def077c c\u00f4te-ouest bord-de-mer\">\n\t\t\t\t<div class=\"pa-gallery-img style3\" onclick=\"\">\n\t\t\t\t\t<div class=\"pa-gallery-img-container\">\n\t\t\t\t\t\t\t\t<img loading=\"lazy\" decoding=\"async\" width=\"768\" height=\"500\" src=\"https:\/\/natureetresidencevillage.com\/wp-content\/uploads\/2020\/01\/image-une-references-cigale-768x500.jpg\" class=\"attachment-medium_large size-medium_large wp-image-2376\" alt=\"grenatiere\" srcset=\"https:\/\/natureetresidencevillage.com\/wp-content\/uploads\/2020\/01\/image-une-references-cigale.jpg 768w, https:\/\/natureetresidencevillage.com\/wp-content\/uploads\/2020\/01\/image-une-references-cigale-300x195.jpg 300w\" sizes=\"(max-width: 768px) 100vw, 768px\" \/>\t\t\t\t\t\t\t\t\t<div class=\"pa-gallery-icons-wrapper\">\n\t\t\t\t\t\t\t\t<div class=\"pa-gallery-icons-inner-container\">\n\t\t\t\t\t\t\t\t\t\t\t\t\t\t\t\t\t<\/div>\n\t\t\t\t\t\t\t<\/div>\n\t\t\t\t\t\t\t\t\t\t\t<\/div>\n\t\t\t\t\t\t\t\t<div class=\"premium-gallery-caption\">\n\n\t\t\t\t\t\t\t\t\t<span class=\"premium-gallery-img-name\">La Cigale<\/span>\n\t\t\t\t\t\t\t\t\t\t<p class=\"premium-gallery-img-desc\"><p class=\"cat-lieux\">C\u00f4te Ouest<\/p><\/br>\n<\/p>\n\t\t\t\t\n\t\t\t<\/div>\n\t\t\t\t\t\t\t\t\t\t<a class=\"pa-gallery-whole-link\" href=\"https:\/\/natureetresidencevillage.com\/nos-references\/la-cigale\/\">\n\t\t\t\t\t\t\t\t<span>\n\t\t\t\t\t\t\t\t\tLa Cigale\t\t\t\t\t\t\t\t<\/span>\n\t\t\t\t\t\t\t<\/a>\n\t\t\t\t\t\t\t\t\t\t\t<\/div>\n\t\t\t<\/div>\n\t\t\t\t\t\t\t<div class=\"premium-gallery-item elementor-repeater-item-05750f2 c\u00f4te-ouest bord-de-mer\">\n\t\t\t\t<div class=\"pa-gallery-img style3\" onclick=\"\">\n\t\t\t\t\t<div class=\"pa-gallery-img-container\">\n\t\t\t\t\t\t\t\t<img loading=\"lazy\" decoding=\"async\" width=\"768\" height=\"500\" src=\"https:\/\/natureetresidencevillage.com\/wp-content\/uploads\/2020\/01\/image-une-references-pomme-pin-768x500.jpg\" class=\"attachment-medium_large size-medium_large wp-image-2375\" alt=\"Image \u00e0 la une La Pomme de Pin\" srcset=\"https:\/\/natureetresidencevillage.com\/wp-content\/uploads\/2020\/01\/image-une-references-pomme-pin.jpg 768w, https:\/\/natureetresidencevillage.com\/wp-content\/uploads\/2020\/01\/image-une-references-pomme-pin-300x195.jpg 300w\" sizes=\"(max-width: 768px) 100vw, 768px\" \/>\t\t\t\t\t\t\t\t\t<div class=\"pa-gallery-icons-wrapper\">\n\t\t\t\t\t\t\t\t<div class=\"pa-gallery-icons-inner-container\">\n\t\t\t\t\t\t\t\t\t\t\t\t\t\t\t\t\t<\/div>\n\t\t\t\t\t\t\t<\/div>\n\t\t\t\t\t\t\t\t\t\t\t<\/div>\n\t\t\t\t\t\t\t\t<div class=\"premium-gallery-caption\">\n\n\t\t\t\t\t\t\t\t\t<span class=\"premium-gallery-img-name\">La Pomme de Pin<\/span>\n\t\t\t\t\t\t\t\t\t\t<p class=\"premium-gallery-img-desc\"><p class=\"cat-lieux\">C\u00f4te Ouest<\/p><\/br>\n<\/p>\n\t\t\t\t\n\t\t\t<\/div>\n\t\t\t\t\t\t\t\t\t\t<a class=\"pa-gallery-whole-link\" href=\"https:\/\/natureetresidencevillage.com\/nos-references\/pomme-de-pin\/\">\n\t\t\t\t\t\t\t\t<span>\n\t\t\t\t\t\t\t\t\tLa Pomme de Pin\t\t\t\t\t\t\t\t<\/span>\n\t\t\t\t\t\t\t<\/a>\n\t\t\t\t\t\t\t\t\t\t\t<\/div>\n\t\t\t<\/div>\n\t\t\t\t\t\t\t<div class=\"premium-gallery-item elementor-repeater-item-3ac96f4 c\u00f4te-ouest bord-de-mer\">\n\t\t\t\t<div class=\"pa-gallery-img style3\" onclick=\"\">\n\t\t\t\t\t<div class=\"pa-gallery-img-container\">\n\t\t\t\t\t\t\t\t<img loading=\"lazy\" decoding=\"async\" width=\"768\" height=\"500\" src=\"https:\/\/natureetresidencevillage.com\/wp-content\/uploads\/2020\/01\/image-une-references-casa-lehna-768x500.jpg\" class=\"attachment-medium_large size-medium_large wp-image-2371\" alt=\"Image \u00e0 la une Casa lehna\" srcset=\"https:\/\/natureetresidencevillage.com\/wp-content\/uploads\/2020\/01\/image-une-references-casa-lehna.jpg 768w, https:\/\/natureetresidencevillage.com\/wp-content\/uploads\/2020\/01\/image-une-references-casa-lehna-300x195.jpg 300w\" sizes=\"(max-width: 768px) 100vw, 768px\" \/>\t\t\t\t\t\t\t\t\t<div class=\"pa-gallery-icons-wrapper\">\n\t\t\t\t\t\t\t\t<div class=\"pa-gallery-icons-inner-container\">\n\t\t\t\t\t\t\t\t\t\t\t\t\t\t\t\t\t<\/div>\n\t\t\t\t\t\t\t<\/div>\n\t\t\t\t\t\t\t\t\t\t\t<\/div>\n\t\t\t\t\t\t\t\t<div class=\"premium-gallery-caption\">\n\n\t\t\t\t\t\t\t\t\t<span class=\"premium-gallery-img-name\">casa Lehna<\/span>\n\t\t\t\t\t\t\t\t\t\t<p class=\"premium-gallery-img-desc\"><p class=\"cat-lieux\">C\u00f4te Ouest<\/p><\/br>\n<\/p>\n\t\t\t\t\n\t\t\t<\/div>\n\t\t\t\t\t\t\t\t\t\t<a class=\"pa-gallery-whole-link\" href=\"https:\/\/natureetresidencevillage.com\/nos-references\/casa-lenha\/\">\n\t\t\t\t\t\t\t\t<span>\n\t\t\t\t\t\t\t\t\tcasa Lehna\t\t\t\t\t\t\t\t<\/span>\n\t\t\t\t\t\t\t<\/a>\n\t\t\t\t\t\t\t\t\t\t\t<\/div>\n\t\t\t<\/div>\n\t\t\t\t\t\t\t<div class=\"premium-gallery-item elementor-repeater-item-140629e c\u00f4te-ouest bord-de-mer\">\n\t\t\t\t<div class=\"pa-gallery-img style3\" onclick=\"\">\n\t\t\t\t\t<div class=\"pa-gallery-img-container\">\n\t\t\t\t\t\t\t\t<img loading=\"lazy\" decoding=\"async\" width=\"768\" height=\"500\" src=\"https:\/\/natureetresidencevillage.com\/wp-content\/uploads\/2020\/01\/image-une-references-clos-arguins-768x500.jpg\" class=\"attachment-medium_large size-medium_large wp-image-2377\" alt=\"Image \u00e0 la une Le Clos d&#039;Arguins\" srcset=\"https:\/\/natureetresidencevillage.com\/wp-content\/uploads\/2020\/01\/image-une-references-clos-arguins.jpg 768w, https:\/\/natureetresidencevillage.com\/wp-content\/uploads\/2020\/01\/image-une-references-clos-arguins-300x195.jpg 300w\" sizes=\"(max-width: 768px) 100vw, 768px\" \/>\t\t\t\t\t\t\t\t\t<div class=\"pa-gallery-icons-wrapper\">\n\t\t\t\t\t\t\t\t<div class=\"pa-gallery-icons-inner-container\">\n\t\t\t\t\t\t\t\t\t\t\t\t\t\t\t\t\t<\/div>\n\t\t\t\t\t\t\t<\/div>\n\t\t\t\t\t\t\t\t\t\t\t<\/div>\n\t\t\t\t\t\t\t\t<div class=\"premium-gallery-caption\">\n\n\t\t\t\t\t\t\t\t\t<span class=\"premium-gallery-img-name\">Le Clos d'Arguins<\/span>\n\t\t\t\t\t\t\t\t\t\t<p class=\"premium-gallery-img-desc\"><p class=\"cat-lieux\">C\u00f4te Ouest<\/p><\/br><\/p>\n\t\t\t\t\n\t\t\t<\/div>\n\t\t\t\t\t\t\t\t\t\t<a class=\"pa-gallery-whole-link\" href=\"https:\/\/natureetresidencevillage.com\/nos-references\/le-clos-darguins\/\">\n\t\t\t\t\t\t\t\t<span>\n\t\t\t\t\t\t\t\t\tLe Clos d'Arguins\t\t\t\t\t\t\t\t<\/span>\n\t\t\t\t\t\t\t<\/a>\n\t\t\t\t\t\t\t\t\t\t\t<\/div>\n\t\t\t<\/div>\n\t\t\t\t\t\t\t<div class=\"premium-gallery-item elementor-repeater-item-0283087 mediterran\u00e9e bord-de-mer\">\n\t\t\t\t<div class=\"pa-gallery-img style3\" onclick=\"\">\n\t\t\t\t\t<div class=\"pa-gallery-img-container\">\n\t\t\t\t\t\t\t\t<img loading=\"lazy\" decoding=\"async\" width=\"768\" height=\"500\" src=\"https:\/\/natureetresidencevillage.com\/wp-content\/uploads\/2020\/01\/image-une-references-casa-natura-768x500.jpg\" class=\"attachment-medium_large size-medium_large wp-image-2372\" alt=\"Image \u00e0 la une Casa e Natura\" srcset=\"https:\/\/natureetresidencevillage.com\/wp-content\/uploads\/2020\/01\/image-une-references-casa-natura.jpg 768w, https:\/\/natureetresidencevillage.com\/wp-content\/uploads\/2020\/01\/image-une-references-casa-natura-300x195.jpg 300w\" sizes=\"(max-width: 768px) 100vw, 768px\" \/>\t\t\t\t\t\t\t\t\t<div class=\"pa-gallery-icons-wrapper\">\n\t\t\t\t\t\t\t\t<div class=\"pa-gallery-icons-inner-container\">\n\t\t\t\t\t\t\t\t\t\t\t\t\t\t\t\t\t<\/div>\n\t\t\t\t\t\t\t<\/div>\n\t\t\t\t\t\t\t\t\t\t\t<\/div>\n\t\t\t\t\t\t\t\t<div class=\"premium-gallery-caption\">\n\n\t\t\t\t\t\t\t\t\t<span class=\"premium-gallery-img-name\">Casa \u00e8 Natura<\/span>\n\t\t\t\t\t\t\t\t\t\t<p class=\"premium-gallery-img-desc\"><p class=\"cat-lieux\">Corse<\/p><\/br>\n<\/p>\n\t\t\t\t\n\t\t\t<\/div>\n\t\t\t\t\t\t\t\t\t\t<a class=\"pa-gallery-whole-link\" href=\"https:\/\/natureetresidencevillage.com\/nos-references\/casa-e-natura\/\">\n\t\t\t\t\t\t\t\t<span>\n\t\t\t\t\t\t\t\t\tCasa \u00e8 Natura\t\t\t\t\t\t\t\t<\/span>\n\t\t\t\t\t\t\t<\/a>\n\t\t\t\t\t\t\t\t\t\t\t<\/div>\n\t\t\t<\/div>\n\t\t\t\n\t\t\t\t\t<\/div>\n\n\t\t\n\t<\/div>\n\n\t\t\n\t\t\n\t\t\t\t\t\t<\/div>\n\t\t\t\t<\/div>\n\t\t\t\t\t<\/div>\n\t\t<\/div>\n\t\t\t\t\t<\/div>\n\t\t<\/section>\n\t\t\t\t\t<\/div>\n\t\t<\/div>\n\t\t\t\t\t<\/div>\n\t\t<\/section>\n\t\t\t\t<\/div>\n\t\t","protected":false},"excerpt":{"rendered":"<p>NOS R\u00c9F\u00c9RENCES, DES PROPRI\u00c9TAIRES SATISFAITS Nature &#038; R\u00e9sidence VILLAGE r\u00e9alise et g\u00e8re des Parcs R\u00e9sidentiels de Loisirs \u00e0 cession de parcelle pour vous permettre de passer des vacances originales et conviviales, tout en pr\u00e9servant votre tranquillit\u00e9. Dans un cadre idyllique, en \u00e9co-conception, nos habitations secondaires sont accompagn\u00e9es de prestations de services haut de gamme. Piscine, &#8230; <a title=\"Nos r\u00e9f\u00e9rences, des propri\u00e9taires satisfaits\" class=\"read-more\" href=\"https:\/\/natureetresidencevillage.com\/en\/nos-references\/\" aria-label=\"Read more about Nos r\u00e9f\u00e9rences, des propri\u00e9taires satisfaits\">Read more<\/a><\/p>","protected":false},"author":1,"featured_media":2376,"parent":0,"menu_order":0,"comment_status":"closed","ping_status":"closed","template":"elementor_header_footer","meta":{"_acf_changed":false,"footnotes":""},"class_list":["post-2068","page","type-page","status-publish","has-post-thumbnail"],"acf":[],"yoast_head":"<!-- This site is optimized with the Yoast SEO plugin v27.4 - https:\/\/yoast.com\/product\/yoast-seo-wordpress\/ -->\n<title>Nos PRL r\u00e9alis\u00e9s dans toute la France |\u00a0Nature et R\u00e9sidence Village<\/title>\n<meta name=\"description\" content=\"Les r\u00e9alisations de Nature et R\u00e9sidence Village ont fait le bonheur de nouveaux propri\u00e9taires satisfaits.\" \/>\n<meta name=\"robots\" content=\"index, follow, max-snippet:-1, max-image-preview:large, max-video-preview:-1\" \/>\n<link rel=\"canonical\" href=\"https:\/\/natureetresidencevillage.com\/en\/nos-references\/\" \/>\n<meta property=\"og:locale\" content=\"en_GB\" \/>\n<meta property=\"og:type\" content=\"article\" \/>\n<meta property=\"og:title\" content=\"Nos PRL r\u00e9alis\u00e9s dans toute la France |\u00a0Nature et R\u00e9sidence Village\" \/>\n<meta property=\"og:description\" content=\"Les r\u00e9alisations de Nature et R\u00e9sidence Village ont fait le bonheur de nouveaux propri\u00e9taires satisfaits.\" \/>\n<meta property=\"og:url\" content=\"https:\/\/natureetresidencevillage.com\/en\/nos-references\/\" \/>\n<meta property=\"og:site_name\" content=\"Nature et R\u00e9sidence Village\" \/>\n<meta property=\"article:publisher\" content=\"https:\/\/www.facebook.com\/natureetresidence\/\" \/>\n<meta property=\"article:modified_time\" content=\"2023-12-22T15:03:43+00:00\" \/>\n<meta property=\"og:image\" content=\"https:\/\/natureetresidencevillage.com\/wp-content\/uploads\/2020\/01\/image-une-references-cigale.jpg\" \/>\n\t<meta property=\"og:image:width\" content=\"768\" \/>\n\t<meta property=\"og:image:height\" content=\"500\" \/>\n\t<meta property=\"og:image:type\" content=\"image\/jpeg\" \/>\n<meta name=\"twitter:card\" content=\"summary_large_image\" \/>\n<meta name=\"twitter:label1\" content=\"Estimated reading time\" \/>\n\t<meta name=\"twitter:data1\" content=\"5 minutes\" \/>\n<script type=\"application\/ld+json\" class=\"yoast-schema-graph\">{\"@context\":\"https:\\\/\\\/schema.org\",\"@graph\":[{\"@type\":\"WebPage\",\"@id\":\"https:\\\/\\\/natureetresidencevillage.com\\\/nos-references\\\/\",\"url\":\"https:\\\/\\\/natureetresidencevillage.com\\\/nos-references\\\/\",\"name\":\"Nos PRL r\u00e9alis\u00e9s dans toute la France |\u00a0Nature et R\u00e9sidence Village\",\"isPartOf\":{\"@id\":\"https:\\\/\\\/natureetresidencevillage.com\\\/#website\"},\"primaryImageOfPage\":{\"@id\":\"https:\\\/\\\/natureetresidencevillage.com\\\/nos-references\\\/#primaryimage\"},\"image\":{\"@id\":\"https:\\\/\\\/natureetresidencevillage.com\\\/nos-references\\\/#primaryimage\"},\"thumbnailUrl\":\"https:\\\/\\\/natureetresidencevillage.com\\\/wp-content\\\/uploads\\\/2020\\\/01\\\/image-une-references-cigale.jpg\",\"datePublished\":\"2020-01-21T10:27:50+00:00\",\"dateModified\":\"2023-12-22T15:03:43+00:00\",\"description\":\"Les r\u00e9alisations de Nature et R\u00e9sidence Village ont fait le bonheur de nouveaux propri\u00e9taires satisfaits.\",\"breadcrumb\":{\"@id\":\"https:\\\/\\\/natureetresidencevillage.com\\\/nos-references\\\/#breadcrumb\"},\"inLanguage\":\"en-GB\",\"potentialAction\":[{\"@type\":\"ReadAction\",\"target\":[\"https:\\\/\\\/natureetresidencevillage.com\\\/nos-references\\\/\"]}]},{\"@type\":\"ImageObject\",\"inLanguage\":\"en-GB\",\"@id\":\"https:\\\/\\\/natureetresidencevillage.com\\\/nos-references\\\/#primaryimage\",\"url\":\"https:\\\/\\\/natureetresidencevillage.com\\\/wp-content\\\/uploads\\\/2020\\\/01\\\/image-une-references-cigale.jpg\",\"contentUrl\":\"https:\\\/\\\/natureetresidencevillage.com\\\/wp-content\\\/uploads\\\/2020\\\/01\\\/image-une-references-cigale.jpg\",\"width\":768,\"height\":500,\"caption\":\"grenatiere\"},{\"@type\":\"BreadcrumbList\",\"@id\":\"https:\\\/\\\/natureetresidencevillage.com\\\/nos-references\\\/#breadcrumb\",\"itemListElement\":[{\"@type\":\"ListItem\",\"position\":1,\"name\":\"Nature et R\u00e9sidence Village\",\"item\":\"https:\\\/\\\/natureetresidencevillage.com\\\/\"},{\"@type\":\"ListItem\",\"position\":2,\"name\":\"Toutes nos r\u00e9f\u00e9rences de PRL en France\"}]},{\"@type\":\"WebSite\",\"@id\":\"https:\\\/\\\/natureetresidencevillage.com\\\/#website\",\"url\":\"https:\\\/\\\/natureetresidencevillage.com\\\/\",\"name\":\"Nature et R\u00e9sidence Village\",\"description\":\"Un site utilisant WordPress\",\"publisher\":{\"@id\":\"https:\\\/\\\/natureetresidencevillage.com\\\/#organization\"},\"potentialAction\":[{\"@type\":\"SearchAction\",\"target\":{\"@type\":\"EntryPoint\",\"urlTemplate\":\"https:\\\/\\\/natureetresidencevillage.com\\\/?s={search_term_string}\"},\"query-input\":{\"@type\":\"PropertyValueSpecification\",\"valueRequired\":true,\"valueName\":\"search_term_string\"}}],\"inLanguage\":\"en-GB\"},{\"@type\":\"Organization\",\"@id\":\"https:\\\/\\\/natureetresidencevillage.com\\\/#organization\",\"name\":\"Nature & R\u00e9sidence Village\",\"url\":\"https:\\\/\\\/natureetresidencevillage.com\\\/\",\"logo\":{\"@type\":\"ImageObject\",\"inLanguage\":\"en-GB\",\"@id\":\"https:\\\/\\\/natureetresidencevillage.com\\\/#\\\/schema\\\/logo\\\/image\\\/\",\"url\":\"https:\\\/\\\/natureetresidencevillage.com\\\/wp-content\\\/uploads\\\/2019\\\/12\\\/logo-nature-residence-village-ss-baseline.jpg\",\"contentUrl\":\"https:\\\/\\\/natureetresidencevillage.com\\\/wp-content\\\/uploads\\\/2019\\\/12\\\/logo-nature-residence-village-ss-baseline.jpg\",\"width\":800,\"height\":280,\"caption\":\"Nature & R\u00e9sidence Village\"},\"image\":{\"@id\":\"https:\\\/\\\/natureetresidencevillage.com\\\/#\\\/schema\\\/logo\\\/image\\\/\"},\"sameAs\":[\"https:\\\/\\\/www.facebook.com\\\/natureetresidence\\\/\",\"https:\\\/\\\/www.instagram.com\\\/nature_et_residence\\\/\",\"https:\\\/\\\/www.pinterest.fr\\\/natureetresidence\\\/\"]}]}<\/script>\n<!-- \/ Yoast SEO plugin. -->","yoast_head_json":{"title":"Nos PRL r\u00e9alis\u00e9s dans toute la France |\u00a0Nature et R\u00e9sidence Village","description":"Les r\u00e9alisations de Nature et R\u00e9sidence Village ont fait le bonheur de nouveaux propri\u00e9taires satisfaits.","robots":{"index":"index","follow":"follow","max-snippet":"max-snippet:-1","max-image-preview":"max-image-preview:large","max-video-preview":"max-video-preview:-1"},"canonical":"https:\/\/natureetresidencevillage.com\/en\/nos-references\/","og_locale":"en_GB","og_type":"article","og_title":"Nos PRL r\u00e9alis\u00e9s dans toute la France |\u00a0Nature et R\u00e9sidence Village","og_description":"Les r\u00e9alisations de Nature et R\u00e9sidence Village ont fait le bonheur de nouveaux propri\u00e9taires satisfaits.","og_url":"https:\/\/natureetresidencevillage.com\/en\/nos-references\/","og_site_name":"Nature et R\u00e9sidence Village","article_publisher":"https:\/\/www.facebook.com\/natureetresidence\/","article_modified_time":"2023-12-22T15:03:43+00:00","og_image":[{"width":768,"height":500,"url":"https:\/\/natureetresidencevillage.com\/wp-content\/uploads\/2020\/01\/image-une-references-cigale.jpg","type":"image\/jpeg"}],"twitter_card":"summary_large_image","twitter_misc":{"Estimated reading time":"5 minutes"},"schema":{"@context":"https:\/\/schema.org","@graph":[{"@type":"WebPage","@id":"https:\/\/natureetresidencevillage.com\/nos-references\/","url":"https:\/\/natureetresidencevillage.com\/nos-references\/","name":"Nos PRL r\u00e9alis\u00e9s dans toute la France |\u00a0Nature et R\u00e9sidence Village","isPartOf":{"@id":"https:\/\/natureetresidencevillage.com\/#website"},"primaryImageOfPage":{"@id":"https:\/\/natureetresidencevillage.com\/nos-references\/#primaryimage"},"image":{"@id":"https:\/\/natureetresidencevillage.com\/nos-references\/#primaryimage"},"thumbnailUrl":"https:\/\/natureetresidencevillage.com\/wp-content\/uploads\/2020\/01\/image-une-references-cigale.jpg","datePublished":"2020-01-21T10:27:50+00:00","dateModified":"2023-12-22T15:03:43+00:00","description":"Les r\u00e9alisations de Nature et R\u00e9sidence Village ont fait le bonheur de nouveaux propri\u00e9taires satisfaits.","breadcrumb":{"@id":"https:\/\/natureetresidencevillage.com\/nos-references\/#breadcrumb"},"inLanguage":"en-GB","potentialAction":[{"@type":"ReadAction","target":["https:\/\/natureetresidencevillage.com\/nos-references\/"]}]},{"@type":"ImageObject","inLanguage":"en-GB","@id":"https:\/\/natureetresidencevillage.com\/nos-references\/#primaryimage","url":"https:\/\/natureetresidencevillage.com\/wp-content\/uploads\/2020\/01\/image-une-references-cigale.jpg","contentUrl":"https:\/\/natureetresidencevillage.com\/wp-content\/uploads\/2020\/01\/image-une-references-cigale.jpg","width":768,"height":500,"caption":"grenatiere"},{"@type":"BreadcrumbList","@id":"https:\/\/natureetresidencevillage.com\/nos-references\/#breadcrumb","itemListElement":[{"@type":"ListItem","position":1,"name":"Nature et R\u00e9sidence Village","item":"https:\/\/natureetresidencevillage.com\/"},{"@type":"ListItem","position":2,"name":"Toutes nos r\u00e9f\u00e9rences de PRL en France"}]},{"@type":"WebSite","@id":"https:\/\/natureetresidencevillage.com\/#website","url":"https:\/\/natureetresidencevillage.com\/","name":"Nature et R\u00e9sidence Village","description":"Un site utilisant WordPress","publisher":{"@id":"https:\/\/natureetresidencevillage.com\/#organization"},"potentialAction":[{"@type":"SearchAction","target":{"@type":"EntryPoint","urlTemplate":"https:\/\/natureetresidencevillage.com\/?s={search_term_string}"},"query-input":{"@type":"PropertyValueSpecification","valueRequired":true,"valueName":"search_term_string"}}],"inLanguage":"en-GB"},{"@type":"Organization","@id":"https:\/\/natureetresidencevillage.com\/#organization","name":"Nature & R\u00e9sidence Village","url":"https:\/\/natureetresidencevillage.com\/","logo":{"@type":"ImageObject","inLanguage":"en-GB","@id":"https:\/\/natureetresidencevillage.com\/#\/schema\/logo\/image\/","url":"https:\/\/natureetresidencevillage.com\/wp-content\/uploads\/2019\/12\/logo-nature-residence-village-ss-baseline.jpg","contentUrl":"https:\/\/natureetresidencevillage.com\/wp-content\/uploads\/2019\/12\/logo-nature-residence-village-ss-baseline.jpg","width":800,"height":280,"caption":"Nature & R\u00e9sidence Village"},"image":{"@id":"https:\/\/natureetresidencevillage.com\/#\/schema\/logo\/image\/"},"sameAs":["https:\/\/www.facebook.com\/natureetresidence\/","https:\/\/www.instagram.com\/nature_et_residence\/","https:\/\/www.pinterest.fr\/natureetresidence\/"]}]}},"_links":{"self":[{"href":"https:\/\/natureetresidencevillage.com\/en\/wp-json\/wp\/v2\/pages\/2068","targetHints":{"allow":["GET"]}}],"collection":[{"href":"https:\/\/natureetresidencevillage.com\/en\/wp-json\/wp\/v2\/pages"}],"about":[{"href":"https:\/\/natureetresidencevillage.com\/en\/wp-json\/wp\/v2\/types\/page"}],"author":[{"embeddable":true,"href":"https:\/\/natureetresidencevillage.com\/en\/wp-json\/wp\/v2\/users\/1"}],"replies":[{"embeddable":true,"href":"https:\/\/natureetresidencevillage.com\/en\/wp-json\/wp\/v2\/comments?post=2068"}],"version-history":[{"count":0,"href":"https:\/\/natureetresidencevillage.com\/en\/wp-json\/wp\/v2\/pages\/2068\/revisions"}],"wp:featuredmedia":[{"embeddable":true,"href":"https:\/\/natureetresidencevillage.com\/en\/wp-json\/wp\/v2\/media\/2376"}],"wp:attachment":[{"href":"https:\/\/natureetresidencevillage.com\/en\/wp-json\/wp\/v2\/media?parent=2068"}],"curies":[{"name":"wp","href":"https:\/\/api.w.org\/{rel}","templated":true}]}}